{"id":2398,"date":"2012-12-04T17:53:50","date_gmt":"2012-12-04T17:53:50","guid":{"rendered":"http:\/\/theme-fusion.com\/avada\/?page_id=2398"},"modified":"2026-09-03T07:40:04","modified_gmt":"2026-09-03T06:40:04","slug":"home-version-7","status":"publish","type":"page","link":"https:\/\/busot.es\/publica\/","title":{"rendered":"Inicio"},"content":{"rendered":"<div class=\"fusion-fullwidth fullwidth-box fusion-fullwidth-1  fusion-parallax-fixed nonhundred-percent-fullwidth\" style=\"border-color:#eae9e9;border-bottom-width: 0px;border-top-width: 0px;border-bottom-style: solid;border-top-style: solid;padding-bottom:0px;padding-top:0px;padding-left:0px;padding-right:0px;\"><style type=\"text\/css\" scoped=\"scoped\">.fusion-fullwidth-1 {\n                            padding-left: 0px !important;\n                            padding-right: 0px !important;\n                        }<\/style><div class=\"fusion-row\">\n<div class=\"fusion-three-fourth fusion-layout-column fusion-spacing-yes\" style=\"margin-top:0px;margin-bottom:20px;\"><div class=\"fusion-column-wrapper\">\n<div style=\"width: 100%; text-align: center;\">\n<p><img decoding=\"async\" style=\"display: block; width: 100%; height: auto; max-height: 600px; object-fit: contain; margin: 0 auto 15px auto;\" src=\"https:\/\/busot.es\/publica\/wp-content\/uploads\/2023\/08\/ayto.png\" alt=\"Ayuntamiento de Busot\" \/><\/p>\n<p><a href=\"https:\/\/www.facebook.com\/AyuntamientoBusot\/posts\/pfbid02Vm2jqLR6bTvyq7RupNcgc7GZcUZgQgdFPj8ktwj9Kn4CFfxfoUb8fqvCQvPVKrXNl\" target=\"_blank\" rel=\"noopener\"><img loading=\"lazy\" decoding=\"async\" class=\"aligncenter wp-image-16376\" src=\"https:\/\/busot.es\/publica\/wp-content\/uploads\/2026\/09\/Bonos-2026-300x158.jpeg\" alt=\"\" width=\"877\" height=\"462\" srcset=\"https:\/\/busot.es\/publica\/wp-content\/uploads\/2026\/09\/Bonos-2026-300x158.jpeg 300w, https:\/\/busot.es\/publica\/wp-content\/uploads\/2026\/09\/Bonos-2026-1024x538.jpeg 1024w, https:\/\/busot.es\/publica\/wp-content\/uploads\/2026\/09\/Bonos-2026-1536x807.jpeg 1536w, https:\/\/busot.es\/publica\/wp-content\/uploads\/2026\/09\/Bonos-2026.jpeg 1731w\" sizes=\"auto, (max-width: 877px) 100vw, 877px\" \/><\/a><\/p>\n<\/div>\n\n<\/div><\/div>\n<div class=\"fusion-one-fourth fusion-layout-column fusion-column-last fusion-spacing-yes\" style=\"margin-top:0px;margin-bottom:20px;\"><div class=\"fusion-column-wrapper\">\n<span class=\"fusion-imageframe imageframe-none imageframe-1 hover-type-none\"><a class=\"fusion-no-lightbox\" href=\"https:\/\/busot.es\/publica\/concejalias\/deportes-2\/piscina-municipal\/\" target=\"_blank\">\n<img loading=\"lazy\" decoding=\"async\" class=\"img-responsive alignnone wp-image-16116 size-medium\" src=\"https:\/\/busot.es\/publica\/wp-content\/uploads\/2026\/06\/PISCINA-BONOS3-300x76.png\" alt=\"\" width=\"300\" height=\"76\" srcset=\"https:\/\/busot.es\/publica\/wp-content\/uploads\/2026\/06\/PISCINA-BONOS3-300x76.png 300w, https:\/\/busot.es\/publica\/wp-content\/uploads\/2026\/06\/PISCINA-BONOS3-1024x259.png 1024w, https:\/\/busot.es\/publica\/wp-content\/uploads\/2026\/06\/PISCINA-BONOS3-768x194.png 768w, https:\/\/busot.es\/publica\/wp-content\/uploads\/2026\/06\/PISCINA-BONOS3-1536x388.png 1536w, https:\/\/busot.es\/publica\/wp-content\/uploads\/2026\/06\/PISCINA-BONOS3.png 1847w\" sizes=\"auto, (max-width: 300px) 100vw, 300px\" \/><br \/>\n<\/a><\/span>\n<div class=\"fusion-sep-clear\"><\/div><div class=\"fusion-separator fusion-full-width-sep sep-none\" style=\"border-color:#e0dede;margin-left: auto;margin-right: auto;margin-top:+5px;margin-bottom:+10px;\"><\/div>\n<span class=\"fusion-imageframe imageframe-none imageframe-2 hover-type-none\"><a class=\"fusion-no-lightbox\" href=\"https:\/\/busot.es\/publica\/servicios\/servicio-de-recogida-de-podas-y-enseres\/\" target=\"_blank\">\n<img loading=\"lazy\" decoding=\"async\" class=\"img-responsive alignnone size-medium wp-image-15893\" src=\"https:\/\/busot.es\/publica\/wp-content\/uploads\/2025\/12\/STV-horizontal2-1-300x76.jpeg\" alt=\"\" width=\"300\" height=\"76\" srcset=\"https:\/\/busot.es\/publica\/wp-content\/uploads\/2025\/12\/STV-horizontal2-1-300x76.jpeg 300w, https:\/\/busot.es\/publica\/wp-content\/uploads\/2025\/12\/STV-horizontal2-1.jpeg 591w\" sizes=\"auto, (max-width: 300px) 100vw, 300px\" \/><br \/>\n<\/a><\/span>\n<div class=\"fusion-sep-clear\"><\/div><div class=\"fusion-separator fusion-full-width-sep sep-none\" style=\"border-color:#e0dede;margin-left: auto;margin-right: auto;margin-top:+0px;margin-bottom:+10px;\"><\/div>\n<span class=\"fusion-imageframe imageframe-none imageframe-3 hover-type-none\"><a class=\"fusion-no-lightbox\" href=\"https:\/\/busot.es\/publica\/servicios\/reservas-barbacoas-area-recreativa-los-patos\/\" target=\"_blank\">\n<img loading=\"lazy\" decoding=\"async\" src=\"https:\/\/busot.es\/publica\/wp-content\/uploads\/2025\/07\/reservas.jpg\" alt=\"\" width=\"379\" height=\"82\" class=\"img-responsive\"\/><br class=\"img-responsive\"\/>\n<\/a><\/span>\n<div class=\"fusion-sep-clear\"><\/div><div class=\"fusion-separator fusion-full-width-sep sep-none\" style=\"border-color:#e0dede;margin-left: auto;margin-right: auto;margin-top:+5px;margin-bottom:+10px;\"><\/div>\n<span class=\"fusion-imageframe imageframe-none imageframe-4 hover-type-none\"><a class=\"fusion-no-lightbox\" href=\"https:\/\/triaformacion.com\/busot\/\" target=\"_blank\">\n<img decoding=\"async\" src=\"https:\/\/busot.es\/publica\/wp-content\/uploads\/2025\/02\/formacion_online.jpg\" alt=\"\" class=\"img-responsive\"\/><br class=\"img-responsive\"\/>\n<\/a><\/span>\n<div class=\"fusion-sep-clear\"><\/div><div class=\"fusion-separator fusion-full-width-sep sep-none\" style=\"border-color:#e0dede;margin-left: auto;margin-right: auto;margin-top:+5px;margin-bottom:+10px;\"><\/div>\n<span class=\"fusion-imageframe imageframe-none imageframe-5 hover-type-none\"><a class=\"fusion-no-lightbox\" href=\"https:\/\/busot.es\/publica\/sistema-de-informacion-al-ciudadano-mediante-whatsapp\/\" target=\"_self\">\n<img decoding=\"async\" src=\"https:\/\/busot.es\/publica\/wp-content\/uploads\/2023\/06\/whatsapp1.jpg\" alt=\"\" class=\"img-responsive\"\/><br class=\"img-responsive\"\/>\n<\/a><\/span>\n<div class=\"fusion-sep-clear\"><\/div><div class=\"fusion-separator fusion-full-width-sep sep-none\" style=\"border-color:#e0dede;margin-left: auto;margin-right: auto;margin-top:+5px;margin-bottom:+10px;\"><\/div>\n<span class=\"fusion-imageframe imageframe-none imageframe-6 hover-type-none\"><a class=\"fusion-no-lightbox\" href=\"https:\/\/busot-publicform.incidenciasurbanas.com\/\" target=\"_blank\">\n<img decoding=\"async\" src=\"https:\/\/busot.es\/publica\/wp-content\/uploads\/2022\/07\/incidencia.png\" alt=\"Enviar una incidencia\" class=\"img-responsive\"\/><br class=\"img-responsive\"\/>\n<\/a><\/span>\n<div class=\"fusion-sep-clear\"><\/div><div class=\"fusion-separator fusion-full-width-sep sep-none\" style=\"border-color:#e0dede;margin-left: auto;margin-right: auto;margin-top:+5px;margin-bottom:+10px;\"><\/div>\n<div class=\"fusion-content-boxes content-boxes columns fusion-columns-1 fusion-columns-total-2 fusion-content-boxes-1 content-boxes-icon-with-title row content-left\" data-animationOffset=\"100%\" style=\"margin-top:0px;margin-bottom:60px;\"><style type=\"text\/css\" scoped=\"scoped\">\n\t\t\t.fusion-content-boxes-1 .fusion-content-box-hover .link-area-link-icon-hover .heading h2,\n\t\t\t.fusion-content-boxes-1 .fusion-content-box-hover .link-area-link-icon-hover .heading .heading-link h2,\n\t\t\t.fusion-content-boxes-1 .fusion-content-box-hover .link-area-box-hover .heading h2,\n\t\t\t.fusion-content-boxes-1 .fusion-content-box-hover .link-area-box-hover .heading .heading-link h2,\n\t\t\t.fusion-content-boxes-1 .fusion-content-box-hover .link-area-link-icon-hover.link-area-box .fusion-read-more,\n\t\t\t.fusion-content-boxes-1 .fusion-content-box-hover .link-area-link-icon-hover.link-area-box .fusion-read-more::after,\n\t\t\t.fusion-content-boxes-1 .fusion-content-box-hover .link-area-link-icon-hover.link-area-box .fusion-read-more::before,\n\t\t\t.fusion-content-boxes-1 .fusion-content-box-hover .fusion-read-more:hover:after,\n\t\t\t.fusion-content-boxes-1 .fusion-content-box-hover .fusion-read-more:hover:before,\n\t\t\t.fusion-content-boxes-1 .fusion-content-box-hover .fusion-read-more:hover,\n\t\t\t.fusion-content-boxes-1 .fusion-content-box-hover .link-area-box-hover.link-area-box .fusion-read-more,\n\t\t\t.fusion-content-boxes-1 .fusion-content-box-hover .link-area-box-hover.link-area-box .fusion-read-more::after,\n\t\t\t.fusion-content-boxes-1 .fusion-content-box-hover .link-area-box-hover.link-area-box .fusion-read-more::before,\t\t\t\n\t\t\t.fusion-content-boxes-1 .fusion-content-box-hover .link-area-link-icon-hover .icon .circle-no,\n\t\t\t.fusion-content-boxes-1 .fusion-content-box-hover .link-area-box-hover .icon .circle-no {\n\t\t\t\tcolor: #a03b3b !important;\n\t\t\t}\n\t\t\t.fusion-content-boxes-1 .fusion-content-box-hover .heading-link:hover .icon i.circle-yes,\n\t\t\t.fusion-content-boxes-1 .fusion-content-box-hover .link-area-box:hover .heading-link .icon i.circle-yes,\n\t\t\t.fusion-content-boxes-1 .fusion-content-box-hover .link-area-link-icon-hover .heading .icon i.circle-yes,\n\t\t\t.fusion-content-boxes-1 .fusion-content-box-hover .link-area-box-hover .heading .icon i.circle-yes {\n\t\t\t\tbackground-color: #a03b3b !important;\n\t\t\t\tborder-color: #a03b3b !important;\n\t\t\t}<\/style>\n<div class=\"fusion-column content-box-column content-box-column-1 col-lg-12 col-md-12 col-sm-12 fusion-content-box-hover content-box-column-last-in-row\"><div class=\"col content-wrapper link-area-link-icon link-type-text icon-hover-animation-fade\" style=\"background-color:transparent;\"><div class=\"heading heading-with-icon icon-left\"><a class=\"heading-link\" href=\"https:\/\/busot.es\/publica\/servicios\/directorio-telefonico\/\" target=\"_self\"><div class=\"icon\"><i style=\"border-color:#333333;border-width:1px;background-color:#333333;height:42px;width:42px;line-height:42px;border-radius:100%;color:#ffffff;font-size:21px;\" class=\"fa fontawesome-icon fa-whatsapp circle-yes\"><\/i><\/div><h2 class=\"content-box-heading\" style=\"font-size: 18px;line-height:23px;\">Tel\u00e9fonos de inter\u00e9s<\/h2><\/a><\/div><div class=\"fusion-clearfix\"><\/div><div class=\"content-container\">\nAyuntamiento &#8211; <a href=\"tel:965699092\">96 569 90 92<\/a><\/p>\n<p>Polic\u00eda &#8211; <a href=\"tel:607385522\">607 38 55 22<\/a><\/p>\n<p>G. Civil &#8211; <a href=\"tel:965630418\">96 563 04 18<\/a><\/p>\n<p>C. M\u00e9dico &#8211; <a href=\"tel:966908240\">96 690 82 40<\/a><br \/>\n<div class=\"fusion-clearfix\"><\/div><a class=\"fusion-read-more\" href=\"https:\/\/busot.es\/publica\/servicios\/directorio-telefonico\/\" target=\"_self\">Ver m\u00e1s<\/a><div class=\"fusion-clearfix\"><\/div><\/div><\/div><\/div><div class=\"fusion-clearfix\"><\/div>\n<div class=\"fusion-column content-box-column content-box-column-2 col-lg-12 col-md-12 col-sm-12 fusion-content-box-hover content-box-column-last content-box-column-last-in-row\"><div class=\"col content-wrapper link-area-link-icon icon-hover-animation-fade\" style=\"background-color:transparent;\"><div class=\"heading heading-with-icon icon-left\"><div class=\"icon\"><i style=\"border-color:#333333;border-width:1px;background-color:#333333;height:42px;width:42px;line-height:42px;border-radius:100%;color:#ffffff;font-size:21px;\" class=\"fa fontawesome-icon fa-mobile circle-yes\"><\/i><\/div><h2 class=\"content-box-heading\" style=\"font-size: 18px;line-height:23px;\">Busot en tu m\u00f3vil<\/h2><\/div><div class=\"fusion-clearfix\"><\/div><div class=\"content-container\">\n<a href=\"https:\/\/apps.apple.com\/es\/app\/ayuntamiento-de-busot\/id1084675144\" target=\"_blank\" rel=\"noopener noreferrer\"><img loading=\"lazy\" decoding=\"async\" class=\"aligncenter size-full wp-image-15102\" src=\"https:\/\/busot.es\/publica\/wp-content\/uploads\/2022\/08\/ios.jpg\" alt=\"\" width=\"150\" height=\"64\" srcset=\"https:\/\/busot.es\/publica\/wp-content\/uploads\/2022\/08\/ios.jpg 150w, https:\/\/busot.es\/publica\/wp-content\/uploads\/2022\/08\/ios-147x64.jpg 147w\" sizes=\"auto, (max-width: 150px) 100vw, 150px\" \/><\/a><\/p>\n<p><a href=\"https:\/\/play.google.com\/store\/apps\/details?id=com.busot\" target=\"_blank\" rel=\"noopener noreferrer\"><img loading=\"lazy\" decoding=\"async\" class=\"aligncenter size-full wp-image-15103\" src=\"https:\/\/busot.es\/publica\/wp-content\/uploads\/2022\/08\/android.jpg\" alt=\"\" width=\"150\" height=\"64\" srcset=\"https:\/\/busot.es\/publica\/wp-content\/uploads\/2022\/08\/android.jpg 150w, https:\/\/busot.es\/publica\/wp-content\/uploads\/2022\/08\/android-147x64.jpg 147w\" sizes=\"auto, (max-width: 150px) 100vw, 150px\" \/><\/a><br \/>\n<\/div><\/div><\/div><div class=\"fusion-clearfix\"><\/div>\n<div class=\"fusion-clearfix\"><\/div><\/div>\n<\/div><\/div><div class=\"fusion-clearfix\"><\/div>\n<div class=\"fusion-content-boxes content-boxes columns fusion-columns-5 fusion-columns-total-5 fusion-content-boxes-2 content-boxes-icon-on-top row content-left\" data-animationOffset=\"100%\" style=\"margin-top:0px;margin-bottom:60px;\"><style type=\"text\/css\" scoped=\"scoped\">\n\t\t\t.fusion-content-boxes-2 .fusion-content-box-hover .link-area-link-icon-hover .heading h2,\n\t\t\t.fusion-content-boxes-2 .fusion-content-box-hover .link-area-link-icon-hover .heading .heading-link h2,\n\t\t\t.fusion-content-boxes-2 .fusion-content-box-hover .link-area-box-hover .heading h2,\n\t\t\t.fusion-content-boxes-2 .fusion-content-box-hover .link-area-box-hover .heading .heading-link h2,\n\t\t\t.fusion-content-boxes-2 .fusion-content-box-hover .link-area-link-icon-hover.link-area-box .fusion-read-more,\n\t\t\t.fusion-content-boxes-2 .fusion-content-box-hover .link-area-link-icon-hover.link-area-box .fusion-read-more::after,\n\t\t\t.fusion-content-boxes-2 .fusion-content-box-hover .link-area-link-icon-hover.link-area-box .fusion-read-more::before,\n\t\t\t.fusion-content-boxes-2 .fusion-content-box-hover .fusion-read-more:hover:after,\n\t\t\t.fusion-content-boxes-2 .fusion-content-box-hover .fusion-read-more:hover:before,\n\t\t\t.fusion-content-boxes-2 .fusion-content-box-hover .fusion-read-more:hover,\n\t\t\t.fusion-content-boxes-2 .fusion-content-box-hover .link-area-box-hover.link-area-box .fusion-read-more,\n\t\t\t.fusion-content-boxes-2 .fusion-content-box-hover .link-area-box-hover.link-area-box .fusion-read-more::after,\n\t\t\t.fusion-content-boxes-2 .fusion-content-box-hover .link-area-box-hover.link-area-box .fusion-read-more::before,\t\t\t\n\t\t\t.fusion-content-boxes-2 .fusion-content-box-hover .link-area-link-icon-hover .icon .circle-no,\n\t\t\t.fusion-content-boxes-2 .fusion-content-box-hover .link-area-box-hover .icon .circle-no {\n\t\t\t\tcolor: #a03b3b !important;\n\t\t\t}\n\t\t\t.fusion-content-boxes-2 .fusion-content-box-hover .heading-link:hover .icon i.circle-yes,\n\t\t\t.fusion-content-boxes-2 .fusion-content-box-hover .link-area-box:hover .heading-link .icon i.circle-yes,\n\t\t\t.fusion-content-boxes-2 .fusion-content-box-hover .link-area-link-icon-hover .heading .icon i.circle-yes,\n\t\t\t.fusion-content-boxes-2 .fusion-content-box-hover .link-area-box-hover .heading .icon i.circle-yes {\n\t\t\t\tbackground-color: #a03b3b !important;\n\t\t\t\tborder-color: #a03b3b !important;\n\t\t\t}<\/style>\n<div class=\"fusion-column content-box-column content-box-column-1 col-lg-2 col-md-2 col-sm-2 fusion-content-box-hover content-box-column-first-in-row\"><div class=\"col content-wrapper link-area-link-icon icon-hover-animation-fade\" style=\"background-color:transparent;\"><div class=\"heading heading-with-icon icon-left\"><div class=\"icon\"><i style=\"border-color:#333333;border-width:1px;background-color:#333333;height:42px;width:42px;line-height:42px;border-radius:100%;color:#ffffff;font-size:21px;\" class=\"fa fontawesome-icon fa-car circle-yes\"><\/i><\/div><h2 class=\"content-box-heading\" style=\"font-size: 18px;line-height:23px;\">Transportes<\/h2><\/div><div class=\"fusion-clearfix\"><\/div><div class=\"content-container\">\n<a href=\"http:\/\/www.renfe.es\/\" target=\"_blank\" rel=\"noopener noreferrer\">Renfe<\/a><\/p>\n<p><a href=\"http:\/\/www.subus.es\/index.asp\" target=\"_blank\" rel=\"noopener noreferrer\">Autobuses<\/a><\/p>\n<p><a href=\"http:\/\/www.aena.es\/csee\/Satellite\/Aeropuerto-Alicante\/es\/Inicio.html\" target=\"_blank\" rel=\"noopener noreferrer\">Aeropuerto<\/a><br \/>\n<\/div><\/div><\/div>\n<div class=\"fusion-column content-box-column content-box-column-2 col-lg-2 col-md-2 col-sm-2 fusion-content-box-hover\"><div class=\"col content-wrapper link-area-link-icon icon-hover-animation-fade\" style=\"background-color:transparent;\"><div class=\"heading heading-with-icon icon-left\"><div class=\"icon\"><i style=\"border-color:#333333;border-width:1px;background-color:#333333;height:42px;width:42px;line-height:42px;border-radius:100%;color:#ffffff;font-size:21px;\" class=\"fa fontawesome-icon fa-university circle-yes\"><\/i><\/div><h2 class=\"content-box-heading\" style=\"font-size: 18px;line-height:23px;\">Instituciones y Comunicaci\u00f3n<\/h2><\/div><div class=\"fusion-clearfix\"><\/div><div class=\"content-container\">\n<a href=\"http:\/\/www.gva.es\" target=\"_blank\" rel=\"noopener noreferrer\">Generalitat Valenciana<\/a><\/p>\n<p><a href=\"http:\/\/www.diputacionalicante.es\/\" target=\"_blank\" rel=\"noopener noreferrer\">Diputaci\u00f3n de Alicante<\/a><\/p>\n<p><a href=\"http:\/\/www.boe.es\/\" target=\"_blank\" rel=\"noopener noreferrer\">B.O.E.<\/a><\/p>\n<p><a href=\"http:\/\/ov.dip-alicante.es\/\" target=\"_blank\" rel=\"noopener noreferrer\">B.O.P.<\/a><\/p>\n<p><a href=\"http:\/\/www.docv.gva.es\/\" target=\"_blank\" rel=\"noopener noreferrer\">D.O.G.V.<\/a><br \/>\n<\/div><\/div><\/div>\n<div class=\"fusion-column content-box-column content-box-column-3 col-lg-2 col-md-2 col-sm-2 fusion-content-box-hover\"><div class=\"col content-wrapper link-area-link-icon link-type-text icon-hover-animation-fade\" style=\"background-color:transparent;\"><div class=\"heading heading-with-icon icon-left\"><a class=\"heading-link\" href=\"https:\/\/www.sedecatastro.gob.es\/\" target=\"_self\"><div class=\"icon\"><i style=\"border-color:#333333;border-width:1px;background-color:#333333;height:42px;width:42px;line-height:42px;border-radius:100%;color:#ffffff;font-size:21px;\" class=\"fa fontawesome-icon fa-info circle-yes\"><\/i><\/div><h2 class=\"content-box-heading\" style=\"font-size: 18px;line-height:23px;\">Punto de Informaci\u00f3n Catastral<\/h2><\/a><\/div><div class=\"fusion-clearfix\"><\/div><div class=\"content-container\">\n<a href=\"https:\/\/www.sedecatastro.gob.es\/\" target=\"_blank\" rel=\"noopener noreferrer\"><img loading=\"lazy\" decoding=\"async\" class=\"aligncenter size-full wp-image-13295\" src=\"https:\/\/busot.es\/publica\/wp-content\/uploads\/2018\/02\/logopic.gif\" alt=\"\" width=\"90\" height=\"84\" srcset=\"https:\/\/busot.es\/publica\/wp-content\/uploads\/2018\/02\/logopic.gif 90w, https:\/\/busot.es\/publica\/wp-content\/uploads\/2018\/02\/logopic-52x50.gif 52w\" sizes=\"auto, (max-width: 90px) 100vw, 90px\" \/><\/a><br \/>\n<\/div><\/div><\/div>\n<div class=\"fusion-column content-box-column content-box-column-4 col-lg-2 col-md-2 col-sm-2 fusion-content-box-hover\"><div class=\"col content-wrapper link-area-link-icon icon-hover-animation-fade\" style=\"background-color:transparent;\"><div class=\"heading heading-with-icon icon-left\"><div class=\"icon\"><i style=\"border-color:#333333;border-width:1px;background-color:#333333;height:42px;width:42px;line-height:42px;border-radius:100%;color:#ffffff;font-size:21px;\" class=\"fa fontawesome-icon fa-sun-o circle-yes\"><\/i><\/div><h2 class=\"content-box-heading\" style=\"font-size: 18px;line-height:23px;\">El tiempo en Busot<\/h2><\/div><div class=\"fusion-clearfix\"><\/div><div class=\"content-container\">\n<div style=\"text-align: center;\"><iframe style=\"width: 300px; max-width: 100%; height: 250px; border: 0;\" src=\"https:\/\/www.avamet.org\/widgets\/widget-l.php?codi=c32m046e03&amp;size=161&amp;idioma=es\" scrolling=\"no\"><\/iframe><\/div>\n<\/div><\/div><\/div>\n<div class=\"fusion-column content-box-column content-box-column-5 col-lg-2 col-md-2 col-sm-2 fusion-content-box-hover content-box-column-last content-box-column-last-in-row\"><div class=\"col content-wrapper link-area-link-icon icon-hover-animation-fade\" style=\"background-color:transparent;\"><div class=\"heading heading-with-icon icon-left\"><div class=\"icon\"><i style=\"border-color:#333333;border-width:1px;background-color:#333333;height:42px;width:42px;line-height:42px;border-radius:100%;color:#ffffff;font-size:21px;\" class=\"fa fontawesome-icon fa-thumbs-o-up circle-yes\"><\/i><\/div><h2 class=\"content-box-heading\" style=\"font-size: 18px;line-height:23px;\">ADL Busot<\/h2><\/div><div class=\"fusion-clearfix\"><\/div><div class=\"content-container\">\n<p style=\"text-align: center;\"><a href=\"https:\/\/adl.busot.es\" target=\"_blank\" rel=\"noopener noreferrer\"><img decoding=\"async\" src=\"https:\/\/busot.es\/publica\/wp-content\/uploads\/2023\/03\/cropped-logo-des-local-transparente-120x122-1.png\" alt=\"ADL Busot\" \/><\/a><\/p>\n<\/div><\/div><\/div><div class=\"fusion-clearfix\"><\/div>\n<div class=\"fusion-clearfix\"><\/div><\/div>\n<div class=\"fusion-sep-clear\"><\/div><div class=\"fusion-separator fusion-full-width-sep sep-none\" style=\"border-color:#e0dede;margin-left: auto;margin-right: auto;margin-top:-10px;margin-bottom:-10px;\"><\/div>\n<\/div><\/div>\n<div class=\"fusion-fullwidth fullwidth-box fusion-fullwidth-2  fusion-parallax-fixed nonhundred-percent-fullwidth\" style=\"border-color:#eae9e9;border-bottom-width: 0px;border-top-width: 0px;border-bottom-style: solid;border-top-style: solid;padding-bottom:0px;padding-top:0px;padding-left:0px;padding-right:0px;\"><style type=\"text\/css\" scoped=\"scoped\">.fusion-fullwidth-2 {\n                            padding-left: 0px !important;\n                            padding-right: 0px !important;\n                        }<\/style><div class=\"fusion-row\">\n<div class=\"fusion-one-half fusion-layout-column fusion-spacing-yes\" style=\"margin-top:0px;margin-bottom:20px;\"><div class=\"fusion-column-wrapper\">\n<div class=\"fusion-title title fusion-title-size-one\"><h1 class=\"title-heading-left\">Actualidad en Busot<\/h1><div class=\"title-sep-container\"><div class=\"title-sep sep-double\"><\/div><\/div><\/div>\n<div class=\"fusion-sep-clear\"><\/div><div class=\"fusion-separator fusion-full-width-sep sep-none\" style=\"border-color:#e0dede;margin-left: auto;margin-right: auto;margin-top:;margin-bottom:20px;\"><\/div>\n\n<p><iframe loading=\"lazy\" style=\"border: none; overflow: hidden;\" src=\"https:\/\/www.facebook.com\/plugins\/post.php?href=https%3A%2F%2Fwww.facebook.com%2Fphoto.php%3Ffbid%3D1520310790130152%26set%3Da.552996673528240%26type%3D3&amp;show_text=true&amp;width=500\" width=\"500\" height=\"748\" frameborder=\"0\" scrolling=\"no\" allowfullscreen=\"allowfullscreen\"><\/iframe><br \/>\n\n<\/div><\/div>\n<div class=\"fusion-one-half fusion-layout-column fusion-column-last fusion-spacing-yes\" style=\"margin-top:0px;margin-bottom:20px;\"><div class=\"fusion-column-wrapper\">\n<div class=\"fusion-title title fusion-title-size-one\"><h1 class=\"title-heading-left\">Publicaciones Recientes<\/h1><div class=\"title-sep-container\"><div class=\"title-sep sep-double\"><\/div><\/div><\/div>\n<div class=\"fusion-sep-clear\"><\/div><div class=\"fusion-separator fusion-full-width-sep sep-none\" style=\"border-color:#e0dede;margin-left: auto;margin-right: auto;margin-top:;margin-bottom:20px;\"><\/div>\n<div class=\"fusion-recent-posts avada-container layout-thumbnails-on-side layout-columns-1\"><section class=\"fusion-columns columns fusion-columns-1 columns-1\"><div class=\"fusion-column column col col-lg-12 col-md-12 col-sm-12\"><div class=\"fusion-flexslider flexslider floated-slideshow flexslider-hover-type-zoomin\"><ul class=\"slides\"><li><a href=\"https:\/\/busot.es\/publica\/2026\/08\/31\/n-ref-exp-749-2026-convocatoria-de-subvenciones-a-ayuntamientos-de-municipios-con-poblacion-inferior-a-20-000-habitantes-entidades-de-ambito-territorial-inferior-al-municipio-e-a-t-i-m-y-manco\/\" class=\"hover-type-zoomin\"><img decoding=\"async\" src=\"https:\/\/busot.es\/publica\/wp-content\/uploads\/2022\/05\/diputacion_alicante-177x142.png\" alt=\"\" \/><\/a><\/li><\/ul><\/div><div class=\"recent-posts-content\"><span class=\"vcard\" style=\"display: none;\"><span class=\"fn\"><a href=\"https:\/\/busot.es\/publica\/author\/webmaster\/\" title=\"Entradas de Webmaster Busot\" rel=\"author\">Webmaster Busot<\/a><\/span><\/span><span class=\"updated\" style=\"display:none;\">2026-08-31T08:47:26+01:00<\/span><h4 class=\"entry-title\"><a href=\"https:\/\/busot.es\/publica\/2026\/08\/31\/n-ref-exp-749-2026-convocatoria-de-subvenciones-a-ayuntamientos-de-municipios-con-poblacion-inferior-a-20-000-habitantes-entidades-de-ambito-territorial-inferior-al-municipio-e-a-t-i-m-y-manco\/\">N\/Ref.: Exp. 749\/2026. Convocatoria de subvenciones a Ayuntamientos de municipios con poblaci\u00f3n inferior a 20.000 habitantes, entidades de \u00e1mbito territorial inferior al municipio (E.A.T.I.M.) y mancomunidades de la provincia de Alicante, para la realizaci\u00f3n de actividades de promoci\u00f3n social dirigidas a colectivos vulnerables y la adquisici\u00f3n de equipamiento y veh\u00edculos, anualidad 2026<\/a><\/h4><p class=\"meta\"><span><span class=\"date\">31 agosto 2026<\/span><\/span><span class=\"meta-separator\">|<\/span><span><a href=\"https:\/\/busot.es\/publica\/2026\/08\/31\/n-ref-exp-749-2026-convocatoria-de-subvenciones-a-ayuntamientos-de-municipios-con-poblacion-inferior-a-20-000-habitantes-entidades-de-ambito-territorial-inferior-al-municipio-e-a-t-i-m-y-manco\/#respond\">0 Comments<\/a><\/span><\/p><p>Asunto: CONCESI\u00d3N DE SUBVENCI\u00d3N. ANUNCIO Por Decreto de la Sra. Diputada de Bienestar Social e Igualdad, n\u00famero 3.906, de 28 de agosto de 2026, se concedi\u00f3 al Ayuntamiento de Busot las siguientes subvenciones, en el [...]<\/p><\/div><\/div><div class=\"fusion-clearfix\"><\/div><div class=\"fusion-column column col col-lg-12 col-md-12 col-sm-12\"><div class=\"fusion-flexslider flexslider floated-slideshow flexslider-hover-type-zoomin\"><ul class=\"slides\"><li><a href=\"https:\/\/busot.es\/publica\/2026\/08\/28\/exp-31-2026-convocatoria-de-subvenciones-a-ayuntamientos-de-la-provincia-de-alicante-para-la-realizacion-de-actividades-culturales-musicales-y-escenicas-2026\/\" class=\"hover-type-zoomin\"><img decoding=\"async\" src=\"https:\/\/busot.es\/publica\/wp-content\/uploads\/2022\/05\/diputacion_alicante-177x142.png\" alt=\"\" \/><\/a><\/li><\/ul><\/div><div class=\"recent-posts-content\"><span class=\"vcard\" style=\"display: none;\"><span class=\"fn\"><a href=\"https:\/\/busot.es\/publica\/author\/webmaster\/\" title=\"Entradas de Webmaster Busot\" rel=\"author\">Webmaster Busot<\/a><\/span><\/span><span class=\"updated\" style=\"display:none;\">2026-08-28T22:17:52+01:00<\/span><h4 class=\"entry-title\"><a href=\"https:\/\/busot.es\/publica\/2026\/08\/28\/exp-31-2026-convocatoria-de-subvenciones-a-ayuntamientos-de-la-provincia-de-alicante-para-la-realizacion-de-actividades-culturales-musicales-y-escenicas-2026\/\">Exp.: 31\/2026 CONVOCATORIA DE SUBVENCIONES A AYUNTAMIENTOS DE LA PROVINCIA DE ALICANTE, PARA LA REALIZACI\u00d3N DE ACTIVIDADES CULTURALES, MUSICALES Y ESCENICAS 2026<\/a><\/h4><p class=\"meta\"><span><span class=\"date\">28 agosto 2026<\/span><\/span><span class=\"meta-separator\">|<\/span><span><a href=\"https:\/\/busot.es\/publica\/2026\/08\/28\/exp-31-2026-convocatoria-de-subvenciones-a-ayuntamientos-de-la-provincia-de-alicante-para-la-realizacion-de-actividades-culturales-musicales-y-escenicas-2026\/#respond\">0 Comments<\/a><\/span><\/p><p>Asunto: CONCESI\u00d3N DE SUBVENCI\u00d3N. ANUNCIO La Junta de Gobierno de la Excma. Diputaci\u00f3n Provincial de Alicante, en sesi\u00f3n ordinaria de fecha 8 de junio de 2026, en relaci\u00f3n con la Convocatoria de subvenciones a Ayuntamientos [...]<\/p><\/div><\/div><div class=\"fusion-clearfix\"><\/div><div class=\"fusion-column column col col-lg-12 col-md-12 col-sm-12\"><div class=\"fusion-flexslider flexslider floated-slideshow flexslider-hover-type-zoomin\"><ul class=\"slides\"><li><a href=\"https:\/\/busot.es\/publica\/2026\/08\/27\/exp-1947-2025-concesion-de-subvencion\/\" class=\"hover-type-zoomin\"><img decoding=\"async\" src=\"https:\/\/busot.es\/publica\/wp-content\/uploads\/2026\/08\/logo_varios-177x142.png\" alt=\"\" \/><\/a><\/li><\/ul><\/div><div class=\"recent-posts-content\"><span class=\"vcard\" style=\"display: none;\"><span class=\"fn\"><a href=\"https:\/\/busot.es\/publica\/author\/webmaster\/\" title=\"Entradas de Webmaster Busot\" rel=\"author\">Webmaster Busot<\/a><\/span><\/span><span class=\"updated\" style=\"display:none;\">2026-08-27T10:46:10+01:00<\/span><h4 class=\"entry-title\"><a href=\"https:\/\/busot.es\/publica\/2026\/08\/27\/exp-1947-2025-concesion-de-subvencion\/\">Exp. 1947\/2025. CONCESI\u00d3N DE SUBVENCI\u00d3N.<\/a><\/h4><p class=\"meta\"><span><span class=\"date\">27 agosto 2026<\/span><\/span><span class=\"meta-separator\">|<\/span><span><a href=\"https:\/\/busot.es\/publica\/2026\/08\/27\/exp-1947-2025-concesion-de-subvencion\/#respond\">0 Comments<\/a><\/span><\/p><p>Por Resoluci\u00f3n de 11 de diciembre de 2025, por la que se conceden las ayudas destinadas a entidades locales, en el ejercicio 2025-26, para el desarrollo de los proyectos de servicios de atenciones profesionalizadas para [...]<\/p><\/div><\/div><div class=\"fusion-clearfix\"><\/div><div class=\"fusion-column column col col-lg-12 col-md-12 col-sm-12\"><div class=\"fusion-flexslider flexslider floated-slideshow flexslider-hover-type-zoomin\"><ul class=\"slides\"><li><a href=\"https:\/\/busot.es\/publica\/2026\/08\/27\/n-ref-exp-527-2026-convocatoria-de-subvenciones-a-ayuntamientos-y-entidades-de-ambito-territorial-inferior-al-municipio-e-a-t-i-m-de-la-provincia-de-alicante-con-destino-a-programas-y-actividad\/\" class=\"hover-type-zoomin\"><img decoding=\"async\" src=\"https:\/\/busot.es\/publica\/wp-content\/uploads\/2022\/05\/diputacion_alicante-177x142.png\" alt=\"\" \/><\/a><\/li><\/ul><\/div><div class=\"recent-posts-content\"><span class=\"vcard\" style=\"display: none;\"><span class=\"fn\"><a href=\"https:\/\/busot.es\/publica\/author\/webmaster\/\" title=\"Entradas de Webmaster Busot\" rel=\"author\">Webmaster Busot<\/a><\/span><\/span><span class=\"updated\" style=\"display:none;\">2026-08-27T10:12:23+01:00<\/span><h4 class=\"entry-title\"><a href=\"https:\/\/busot.es\/publica\/2026\/08\/27\/n-ref-exp-527-2026-convocatoria-de-subvenciones-a-ayuntamientos-y-entidades-de-ambito-territorial-inferior-al-municipio-e-a-t-i-m-de-la-provincia-de-alicante-con-destino-a-programas-y-actividad\/\">N\/Ref.: Exp. 527\/2026. Convocatoria de subvenciones a Ayuntamientos y entidades de \u00e1mbito territorial inferior al municipio (E.A.T.I.M.) de la provincia de Alicante con destino a programas y actividades para la igualdad de oportunidades y prevenci\u00f3n de la violencia de g\u00e9nero, anualidad 2026.<\/a><\/h4><p class=\"meta\"><span><span class=\"date\">27 agosto 2026<\/span><\/span><span class=\"meta-separator\">|<\/span><span><a href=\"https:\/\/busot.es\/publica\/2026\/08\/27\/n-ref-exp-527-2026-convocatoria-de-subvenciones-a-ayuntamientos-y-entidades-de-ambito-territorial-inferior-al-municipio-e-a-t-i-m-de-la-provincia-de-alicante-con-destino-a-programas-y-actividad\/#respond\">0 Comments<\/a><\/span><\/p><p>Por Decreto de la Sra. Diputada de Bienestar Social e Igualdad n\u00fam. 3680 de 11 de agosto de 2026, adopt\u00f3 acuerdo por el que se concede al Ayuntamiento de Busot las siguientes subvenciones, en el [...]<\/p><\/div><\/div><div class=\"fusion-clearfix\"><\/div><\/section><\/div>\n<\/div><\/div><div class=\"fusion-clearfix\"><\/div>\n<div class=\"fusion-one-full fusion-layout-column fusion-spacing-yes\" style=\"margin-top:0px;margin-bottom:20px;\"><div class=\"fusion-column-wrapper\">\n\n<div style=\"text-align: center;\"><iframe loading=\"lazy\" style=\"max-width: 100%;\" title=\"YouTube video player\" src=\"https:\/\/www.youtube-nocookie.com\/embed\/ADFr0Z1IBHo?si=JeO5NMsU_F1zVoIf&amp;controls=0\" width=\"560\" height=\"315\" frameborder=\"0\" allowfullscreen=\"allowfullscreen\"><\/iframe><\/div>\n<div class=\"fusion-fullwidth fullwidth-box fusion-fullwidth-2  fusion-parallax-none nonhundred-percent-fullwidth\" style=\"border-color:#eae9e9;border-bottom-width: 0px;border-top-width: 0px;border-bottom-style: solid;border-top-style: solid;padding-bottom:0px;padding-top:0px;padding-left:;padding-right:;\"><style type=\"text\/css\" scoped=\"scoped\">.fusion-fullwidth-2 {\n                            padding-left: px !important;\n                            padding-right: px !important;\n                        }<\/style><div class=\"fusion-row\"><\/div><\/div>\n<div class=\"fusion-one-full fusion-layout-column fusion-spacing-yes\" style=\"margin-top:0px;margin-bottom:20px;\"><div class=\"fusion-column-wrapper\"><\/div><\/div>\n<div class=\"fusion-sep-clear\"><\/div><div class=\"fusion-separator fusion-full-width-sep sep-none\" style=\"border-color:#e0dede;margin-left: auto;margin-right: auto;margin-top:40px;margin-bottom:20px;\"><\/div>\n<div class=\"fusion-title title fusion-title-size-one\"><h1 class=\"title-heading-left\">Ayudas Leader<\/h1><div class=\"title-sep-container\"><div class=\"title-sep sep-double\"><\/div><\/div><\/div>\n<li class=\"fusion-carousel-item\"><div class=\"fusion-carousel-item-wrapper\"><div class=\"fusion-image-wrapper\"><img decoding=\"async\" src=\"https:\/\/busot.es\/publica\/wp-content\/uploads\/2025\/03\/1.png\" alt=\"Ayudas Leader 2025\" \/><\/div><\/div><\/li>\n\n<\/div><\/div><div class=\"fusion-clearfix\"><\/div>\n<\/div><\/div>\n<div class=\"fusion-fullwidth fullwidth-box fusion-fullwidth-4  fusion-parallax-fixed nonhundred-percent-fullwidth\" style=\"border-color:#;border-bottom-width: 0px;border-top-width: 0px;border-bottom-style: solid;border-top-style: solid;padding-bottom:35px;padding-top:30px;padding-left:0px;padding-right:0px;background-color:#3d3c3c;\"><style type=\"text\/css\" scoped=\"scoped\">.fusion-fullwidth-4 {\n                            padding-left: 0px !important;\n                            padding-right: 0px !important;\n                        }<\/style><div class=\"fusion-row\">\n<h1 style=\"text-align: center; font-size: 30px !important; color: #fff !important;\">Visite nuestro pueblo<\/h1>\n<p style=\"text-align: center; margin-top: -10px; font-size: 17px !important; line-height: 24px !important; color: #b1b1b1 !important;\">&#8230; un mundo por descubrir<\/p>\n\n<\/div><\/div>\n<div class=\"fusion-fullwidth fullwidth-box fusion-fullwidth-5  fusion-parallax-fixed nonhundred-percent-fullwidth\" style=\"border-color:#eae9e9;border-bottom-width: 0px;border-top-width: 0px;border-bottom-style: solid;border-top-style: solid;padding-bottom:20px;padding-top:20px;padding-left:0px;padding-right:0px;\"><style type=\"text\/css\" scoped=\"scoped\">.fusion-fullwidth-5 {\n                            padding-left: 0px !important;\n                            padding-right: 0px !important;\n                        }<\/style><div class=\"fusion-row\">\n<div class=\"fusion-one-third one_third fusion-layout-column fusion-spacing-yes\" style=\"margin-top:0px;margin-bottom:20px;\"><div class=\"fusion-column-wrapper\">\n<div class=\"imageframe-align-center\"><span class=\"fusion-imageframe imageframe-none imageframe-7 hover-type-none\"><a class=\"fusion-no-lightbox\" href=\"http:\/\/turismo.busot.es\" target=\"_blank\">\n<img decoding=\"async\" src=\"https:\/\/busot.es\/publica\/wp-content\/uploads\/2012\/12\/busot_beleza_interior.jpg\" alt=\"Busot, belleza interior\" class=\"img-responsive\"\/><br class=\"img-responsive\"\/>\n<\/a><\/span><\/div>\n<\/div><\/div>\n<div class=\"fusion-one-third one_third fusion-layout-column fusion-spacing-yes\" style=\"margin-top:0px;margin-bottom:20px;\"><div class=\"fusion-column-wrapper\">\n<div class=\"imageframe-align-center\"><span class=\"fusion-imageframe imageframe-none imageframe-8 hover-type-none\"><a class=\"fusion-no-lightbox\" href=\"http:\/\/www.cuevasdecanelobre.com\" target=\"_blank\">\n<img decoding=\"async\" src=\"https:\/\/busot.es\/publica\/wp-content\/uploads\/2012\/12\/busot_cuevas.jpg\" alt=\"Busot, Cuevas del Canelobre\" class=\"img-responsive\"\/><br class=\"img-responsive\"\/>\n<\/a><\/span><\/div>\n<\/div><\/div>\n<div class=\"fusion-one-third one_third fusion-layout-column fusion-column-last fusion-spacing-yes\" style=\"margin-top:0px;margin-bottom:20px;\"><div class=\"fusion-column-wrapper\">\n<div class=\"imageframe-align-center\"><span class=\"fusion-imageframe imageframe-none imageframe-9 hover-type-none\"><a class=\"fusion-no-lightbox\" href=\"http:\/\/www.busotaventura.es\/\" target=\"_blank\">\n<img decoding=\"async\" src=\"https:\/\/busot.es\/publica\/wp-content\/uploads\/2012\/12\/busot_aventura-e1456659006908.jpg\" alt=\"Busot Aventura\" class=\"img-responsive\"\/><br class=\"img-responsive\"\/>\n<\/a><\/span><\/div>\n<\/div><\/div><div class=\"fusion-clearfix\"><\/div>\n<div class=\"fusion-sep-clear\"><\/div><div class=\"fusion-separator fusion-full-width-sep sep-none\" style=\"border-color:#e0dede;margin-left: auto;margin-right: auto;margin-top:10px;margin-bottom:10px;\"><\/div>\n<div class=\"imageframe-align-center\"><span class=\"fusion-imageframe imageframe-none imageframe-10 hover-type-none\">\n<img decoding=\"async\" src=\"https:\/\/busot.es\/publica\/wp-content\/uploads\/2012\/12\/entrada_busot_2-1024x466.jpg\" alt=\"Entrada de Busot\" class=\"img-responsive\"\/><br class=\"img-responsive\"\/>\n<\/span><\/div>\n<\/div><\/div>\n","protected":false},"excerpt":{"rendered":"","protected":false},"author":2,"featured_media":0,"parent":0,"menu_order":0,"comment_status":"open","ping_status":"closed","template":"100-width.php","meta":{"_monsterinsights_skip_tracking":false,"footnotes":""},"class_list":["post-2398","page","type-page","status-publish","hentry"],"_links":{"self":[{"href":"https:\/\/busot.es\/publica\/wp-json\/wp\/v2\/pages\/2398","targetHints":{"allow":["GET"]}}],"collection":[{"href":"https:\/\/busot.es\/publica\/wp-json\/wp\/v2\/pages"}],"about":[{"href":"https:\/\/busot.es\/publica\/wp-json\/wp\/v2\/types\/page"}],"author":[{"embeddable":true,"href":"https:\/\/busot.es\/publica\/wp-json\/wp\/v2\/users\/2"}],"replies":[{"embeddable":true,"href":"https:\/\/busot.es\/publica\/wp-json\/wp\/v2\/comments?post=2398"}],"version-history":[{"count":268,"href":"https:\/\/busot.es\/publica\/wp-json\/wp\/v2\/pages\/2398\/revisions"}],"predecessor-version":[{"id":16379,"href":"https:\/\/busot.es\/publica\/wp-json\/wp\/v2\/pages\/2398\/revisions\/16379"}],"wp:attachment":[{"href":"https:\/\/busot.es\/publica\/wp-json\/wp\/v2\/media?parent=2398"}],"curies":[{"name":"wp","href":"https:\/\/api.w.org\/{rel}","templated":true}]}}