{"id":16363,"date":"2026-09-02T12:42:18","date_gmt":"2026-09-02T11:42:18","guid":{"rendered":"https:\/\/busot.es\/publica\/?page_id=16363"},"modified":"2026-09-02T13:19:03","modified_gmt":"2026-09-02T12:19:03","slug":"transportes","status":"publish","type":"page","link":"https:\/\/busot.es\/publica\/concejalias\/transportes\/","title":{"rendered":"Transportes"},"content":{"rendered":"<ul>\n<li><strong>L\u00edneas de autobuses de Busot:\u00a0<\/strong><\/li>\n<\/ul>\n<ul>\n<li style=\"list-style-type: none;\">\n<ul>\n<li><a href=\"https:\/\/busot.es\/publica\/wp-content\/uploads\/2026\/09\/C51_v_v1.pdf\" target=\"_blank\" rel=\"noopener\">Recorrido L\u00ednea Bus C51<\/a><\/li>\n<li><a href=\"https:\/\/busot.es\/publica\/wp-content\/uploads\/2026\/09\/LC51.pdf\" target=\"_blank\" rel=\"noopener\">Paradas bus LC51 Busot-Mutxamel<\/a><\/li>\n<li><a href=\"https:\/\/busot.es\/publica\/wp-content\/uploads\/2026\/09\/LC52.pdf\" target=\"_blank\" rel=\"noopener\">Paradas bus LC52 Busot-El Campello<\/a><\/li>\n<li>Informaci\u00f3n en la <a href=\"https:\/\/alicante.vectalia.es\" target=\"_blank\" rel=\"noopener\">web de Vectalia [+]<\/a>:\n<ul>\n<li><a href=\"https:\/\/alicante.vectalia.es\/linea\/linea-c-51mutxamel-busot\/#linea=C-51\" target=\"_blank\" rel=\"noopener\">Info L\u00ednea Mutxamel-Busot C51<\/a><\/li>\n<li><a href=\"https:\/\/alicante.vectalia.es\/linea\/linea-c-51mutxamel-busot\/#linea=C-52\" target=\"_blank\" rel=\"noopener\">Info linea Campello- Busot C-52<\/a><\/li>\n<\/ul>\n<\/li>\n<\/ul>\n<\/li>\n<li style=\"list-style-type: none;\"><\/li>\n<li><strong>Taxi Busot:<\/strong>\n<ul>\n<li>Tel\u00e9fono: <a href=\"tel:+34622267965\" target=\"_blank\" rel=\"noopener\">622267965<\/a><\/li>\n<\/ul>\n<\/li>\n<\/ul>\n<p>&nbsp;<\/p>\n<ul>\n<li><strong>Estaci\u00f3n de Autobuses de Alicante:<\/strong>\n<ul>\n<li>Direcci\u00f3n:\u00a0Muelle de Poniente, s\/n, 03003 Alicante<\/li>\n<li>Tel\u00e9fono: <a href=\"tel:+34965130700\" target=\"_blank\" rel=\"noopener\">+34 965 13 07 00<\/a><\/li>\n<li>P\u00e1gina web: <a href=\"http:\/\/www.estacionalicante.es\" target=\"_blank\" rel=\"noopener\">Estaci\u00f3n de Alicante [+]<\/a><\/li>\n<\/ul>\n<\/li>\n<\/ul>\n<p>&nbsp;<\/p>\n<ul>\n<li><strong>Estaci\u00f3n de Renfe (Alicante Terminal<\/strong>)\n<ul>\n<li>Direcci\u00f3n: Avenida Salamanca, 1, 03003 Alicante<\/li>\n<li>Tel\u00e9fono: L\u00ednea de Atenci\u00f3n al Cliente Renfe \u2014 <a href=\"tel: +34912320320\" target=\"_blank\" rel=\"noopener\">912 320 320<\/a> (central nacional)<\/li>\n<li>P\u00e1gina web: :<a href=\"http:\/\/adif.es\/w\/60911-alicant\" target=\"_blank\" rel=\"noopener\">Informaci\u00f3n oficial en la web de ADIF [+]<\/a><\/li>\n<\/ul>\n<\/li>\n<\/ul>\n<p>&nbsp;<\/p>\n<ul>\n<li><strong>Aeropuerto Alicante-Elche Miguel Hern\u00e1ndez (El Altet):<\/strong>\n<ul>\n<li>Direcci\u00f3n: 03195 El Altet, Alicante\/Elche<\/li>\n<li>Tel\u00e9fono: Centralita (Atenci\u00f3n general): <a href=\"tel:+34913211000\" target=\"_blank\" rel=\"noopener\">+34 913 211 000<\/a><\/li>\n<li>Informaci\u00f3n (alternativa): <a href=\"tel:+34902404704\" target=\"_blank\" rel=\"noopener\">902 404 704<\/a><\/li>\n<li>P\u00e1gina web: <a href=\"http:\/\/www.aena.es\" target=\"_blank\" rel=\"noopener\">AENA (Portal oficial de Aena para el aeropuerto) [+]<\/a><\/li>\n<\/ul>\n<\/li>\n<\/ul>\n<p>&nbsp;<\/p>\n<ul>\n<li><strong>Puerto de Alicante:<\/strong>\n<ul>\n<li>Direcci\u00f3n: Avenida de Perfecto Palacio de la Fuente, 3, 03001 Alicante<\/li>\n<li>Tel\u00e9fono: <a href=\"tel:+34965130095\" target=\"_blank\" rel=\"noopener\">+34 965 13 00 95<\/a><\/li>\n<li>P\u00e1gina web: <a href=\"http:\/\/www.puertoalicante.com\" target=\"_blank\" rel=\"noopener\">Puerto de Alicante [+]<\/a><\/li>\n<li>Estaciones de recarga para veh\u00edculos el\u00e9ctricos<\/li>\n<\/ul>\n<\/li>\n<\/ul>\n<p>&nbsp;<\/p>\n<ul>\n<li><strong>Estaciones de recarga para veh\u00edculos el\u00e9ctricos<\/strong>: (de uso p\u00fablico)\n<ul>\n<li><a href=\"https:\/\/maps.app.goo.gl\/g92YDkN9dKsPVto19\" target=\"_blank\" rel=\"noopener\">Avenida de la Comunidad Valenciana (frente al polideportivo)<\/a><\/li>\n<li><a href=\"https:\/\/maps.app.goo.gl\/Wa7WLfKpnC3cCRYG6\" target=\"_blank\" rel=\"noopener\">Balconada (Frente a la Plaza de la Generalitat)<\/a><\/li>\n<\/ul>\n<\/li>\n<\/ul>\n<p>&nbsp;<\/p>\n<ul>\n<li><strong>Ubicaci\u00f3n de Busot: Provincia de Alicante, Comunidad Valenciana<\/strong>\n<ul>\n<li>Distancia del aeropuerto: (35,8 km)<\/li>\n<li>Distancia a Alicante: 19 km al norte<\/li>\n<li>Coordenadas: 38\u00b0 28\u2032 53\u2033 N, 0\u00b0 25\u2032 13\u2033 O<\/li>\n<li>Altitud: 326\u2013334 m sobre el nivel del mar<\/li>\n<li>Superficie: 33,84 km\u00b2<\/li>\n<li>Entorno f\u00edsico: Sobre colina, al sur del Cabe\u00e7\u00f3 d\u2019Or, a 7 km de la costa<\/li>\n<li>Municipios colindantes: Aguas de Busot, Campello, Mutxamel, Jijona, Relleu<\/li>\n<li>Comarca: L\u2019Alacant\u00ed<\/li>\n<li>Poblaci\u00f3n (2026) 4000 habitantes<\/li>\n<\/ul>\n<\/li>\n<\/ul>\n","protected":false},"excerpt":{"rendered":"<p>L\u00edneas de autobuses de Busot:\u00a0 Recorrido L\u00ednea Bus C51 Paradas bus LC51 Busot-Mutxamel Paradas bus LC52 Busot-El Campello Informaci\u00f3n en la web de Vectalia [+]: Info L\u00ednea Mutxamel-Busot C51 Info linea Campello- Busot C-52 Taxi Busot: Tel\u00e9fono: 622267965 &nbsp; Estaci\u00f3n de Autobuses de Alicante: Direcci\u00f3n:\u00a0Muelle de Poniente, s\/n, 03003 Alicante Tel\u00e9fono: +34 965 13 07 [&hellip;]<\/p>\n","protected":false},"author":5,"featured_media":0,"parent":11600,"menu_order":0,"comment_status":"closed","ping_status":"closed","template":"","meta":{"_monsterinsights_skip_tracking":false,"footnotes":""},"class_list":["post-16363","page","type-page","status-publish","hentry"],"_links":{"self":[{"href":"https:\/\/busot.es\/publica\/wp-json\/wp\/v2\/pages\/16363","targetHints":{"allow":["GET"]}}],"collection":[{"href":"https:\/\/busot.es\/publica\/wp-json\/wp\/v2\/pages"}],"about":[{"href":"https:\/\/busot.es\/publica\/wp-json\/wp\/v2\/types\/page"}],"author":[{"embeddable":true,"href":"https:\/\/busot.es\/publica\/wp-json\/wp\/v2\/users\/5"}],"replies":[{"embeddable":true,"href":"https:\/\/busot.es\/publica\/wp-json\/wp\/v2\/comments?post=16363"}],"version-history":[{"count":8,"href":"https:\/\/busot.es\/publica\/wp-json\/wp\/v2\/pages\/16363\/revisions"}],"predecessor-version":[{"id":16375,"href":"https:\/\/busot.es\/publica\/wp-json\/wp\/v2\/pages\/16363\/revisions\/16375"}],"up":[{"embeddable":true,"href":"https:\/\/busot.es\/publica\/wp-json\/wp\/v2\/pages\/11600"}],"wp:attachment":[{"href":"https:\/\/busot.es\/publica\/wp-json\/wp\/v2\/media?parent=16363"}],"curies":[{"name":"wp","href":"https:\/\/api.w.org\/{rel}","templated":true}]}}