{"id":12116,"date":"2016-05-26T08:56:17","date_gmt":"2016-05-26T07:56:17","guid":{"rendered":"https:\/\/busot.es\/publica\/?page_id=12116"},"modified":"2026-04-10T12:04:01","modified_gmt":"2026-04-10T11:04:01","slug":"sede-electronica","status":"publish","type":"page","link":"https:\/\/busot.es\/publica\/sede-electronica\/","title":{"rendered":"Sede electr\u00f3nica"},"content":{"rendered":"<p><a href=\"https:\/\/busot.sedelectronica.es\/info.0\"><img loading=\"lazy\" decoding=\"async\" class=\"wp-image-15806 size-medium alignleft\" src=\"https:\/\/busot.es\/publica\/wp-content\/uploads\/2025\/11\/Logo-Sede-Electronica-sin-borde-300x262.png\" alt=\"\" width=\"300\" height=\"262\" srcset=\"https:\/\/busot.es\/publica\/wp-content\/uploads\/2025\/11\/Logo-Sede-Electronica-sin-borde-300x262.png 300w, https:\/\/busot.es\/publica\/wp-content\/uploads\/2025\/11\/Logo-Sede-Electronica-sin-borde-768x670.png 768w, https:\/\/busot.es\/publica\/wp-content\/uploads\/2025\/11\/Logo-Sede-Electronica-sin-borde.png 897w\" sizes=\"(max-width: 300px) 100vw, 300px\" \/><\/a><\/p>\n<h3><\/h3>\n<h3 style=\"text-align: center;\"><a href=\"https:\/\/busot.sedelectronica.es\/transparency\"><img loading=\"lazy\" decoding=\"async\" class=\"wp-image-15818 alignright\" src=\"https:\/\/busot.es\/publica\/wp-content\/uploads\/2025\/11\/logo-portal-transparencia-300x112.png\" alt=\"\" width=\"206\" height=\"77\" \/><\/a><\/h3>\n<p>&nbsp;<\/p>\n<h3 style=\"text-align: left;\"><strong>\u00a0 \u00a0 \u00a0 \u00a0 \u00a0 N\u00ba de cuenta para los ingresos de las tasas municipales:<\/strong><\/h3>\n<h2 style=\"text-align: left;\"><strong>\u00a0 \u00a0 \u00a0 \u00a0 \u00a0 \u00a0 \u00a0 \u00a0 \u00a0 \u00a0ES63 3058 2616 4727 3200 0027<\/strong><\/h2>\n<h3 style=\"text-align: left;\"><\/h3>\n<p>&nbsp;<\/p>\n<p>&nbsp;<\/p>\n<p>&nbsp;<\/p>\n<p>&nbsp;<\/p>\n<p>A continuaci\u00f3n ponemos a su disposici\u00f3n una serie de documentaci\u00f3n para la realizaci\u00f3n de tr\u00e1mites administrativos en nuestro municipio.<\/p>\n<div class=\"su-tabs su-tabs-style-default su-tabs-mobile-stack\" data-active=\"1\" data-scroll-offset=\"0\" data-anchor-in-url=\"no\"><div class=\"su-tabs-nav\"><span class=\"\" data-url=\"\" data-target=\"blank\" tabindex=\"0\" role=\"button\"><strong>Destacados \/ Temporales<\/strong><\/span><span class=\"\" data-url=\"\" data-target=\"blank\" tabindex=\"0\" role=\"button\">Registro General<\/span><span class=\"\" data-url=\"\" data-target=\"blank\" tabindex=\"0\" role=\"button\">Presentaci\u00f3n Presupuesto<\/span><span class=\"\" data-url=\"\" data-target=\"blank\" tabindex=\"0\" role=\"button\">Urbanismo<\/span><span class=\"\" data-url=\"\" data-target=\"blank\" tabindex=\"0\" role=\"button\">Estad\u00edstica\/Padr\u00f3n<\/span><span class=\"\" data-url=\"\" data-target=\"blank\" tabindex=\"0\" role=\"button\">Transportes<\/span><span class=\"\" data-url=\"\" data-target=\"blank\" tabindex=\"0\" role=\"button\">Abastecimiento de Aguas<\/span><\/div><div class=\"su-tabs-panes\"><div class=\"su-tabs-pane su-u-clearfix su-u-trim\" data-title=\"&lt;strong&gt;Destacados \/ Temporales&lt;\/strong&gt;\">\n<ul>\n<li><a href=\"https:\/\/busot.sedelectronica.es\/?x=nYqh-RCRj4NNqIHH5S8SV8PPOuBfYDbb0YeO2rIxHsv8f*nQVIF-o0gAW3hBJSvqB23JIin-h6qWRHl7uCkwUEe9uevss-Tb2YYvbb2iOu9PTvlxhdOgcjYiIXRObVv8WEhdGEOEEpR5no5Dg-mAaFW4Prxyu99nUD-kJ-nLj9A7TQi-wd5csnfWv1brv-xhn43zr7px0ZG6zG8NDqYEdw\" target=\"_blank\" rel=\"noopener noreferrer\">Solicitud participaci\u00f3n creaci\u00f3n bolsa de empleo arquitecto t\u00e9cnico grupo A2 [+]<\/a><\/li>\n<li><a href=\"https:\/\/busot.sedelectronica.es\/?x=FjwdBqii7XV6iAhSM2CTqYcMCR5ySLZOq9lWFOXQBhr5prtlL946--BGVQSdhhEOBdKA9OkTr0XEo3e6knIuzMsDts7jlF0V8j6ww2AEIqtu4NTJghi8mg14hO0k0ESlNEaOxkz5VR6mbA6M5*9QkWqyEoENUssn-3sF5uCKmqi1byS1eDi4HRuYQ2lPhFe9T5IGLppvdakZbWy3E1n1lQ\" target=\"_blank\" rel=\"noopener\">Solicitud participaci\u00f3n plaza de Agente Polic\u00eda Local por turno libre [+] (hasta el 14\/04\/26)<\/a><\/li>\n<li><a href=\"https:\/\/busot.sedelectronica.es\/?x=FjwdBqii7XV6iAhSM2CTqYcMCR5ySLZOq9lWFOXQBhr5prtlL946--BGVQSdhhEOBdKA9OkTr0XEo3e6knIuzMsDts7jlF0V8j6ww2AEIqtu4NTJghi8mg14hO0k0ESlNEaOxkz5VR6mbA6M5*9QkfRvZKjg**7VFgUmEhS-*v826UVZ96v8QSyJJkwFvcc7asVjTyuKO0TeLxUNckxygQ\" target=\"_blank\" rel=\"noopener\">Solicitud participaci\u00f3n plaza de Agente Policia Local por turno de movilidad [+](hasta el 14\/04\/26)<\/a><\/li>\n<li><a href=\"https:\/\/busot.sedelectronica.es\/catalog\/t\/f42eacff-b906-4dee-aba7-81909e4ab495\" target=\"_blank\" rel=\"noopener\">RENTA 2025. Acreditaci\u00f3n inscripci\u00f3n Escuelas Municipales Deportivas y Gimnasio [+]<\/a><\/li>\n<\/ul>\n<\/div>\n<div class=\"su-tabs-pane su-u-clearfix su-u-trim\" data-title=\"Registro General\">\n<ul>\n<li><a href=\"https:\/\/busot.es\/publica\/wp-content\/uploads\/2016\/05\/instancia_general_busot.pdf\" target=\"_blank\" rel=\"noopener noreferrer\">Modelo de instancia general (pdf) [+]<\/a><\/li>\n<li><a href=\"https:\/\/busot.es\/publica\/wp-content\/uploads\/2016\/05\/modelo_instancia_generica_web_busot.docx\" target=\"_blank\" rel=\"noopener noreferrer\">Modelo de instancia general (word) [+]<\/a><\/li>\n<li><a href=\"https:\/\/busot.es\/publica\/wp-content\/uploads\/2016\/05\/queja_sugerencia_busot.pdf\" target=\"_blank\" rel=\"noopener noreferrer\">Modelo de queja\/sugerencia [+]<\/a><\/li>\n<\/ul>\n<\/div>\n<div class=\"su-tabs-pane su-u-clearfix su-u-trim\" data-title=\"Presentaci\u00f3n Presupuesto\">\n<ul>\n<li><a href=\"https:\/\/busot.sedelectronica.es\/catalog\/t\/b73b6f21-d0ac-4975-ab94-0bbfd5cdc1f2\">Presentaci\u00f3n de un presupuesto (contrato menor) [+]<\/a><\/li>\n<\/ul>\n<\/div>\n<div class=\"su-tabs-pane su-u-clearfix su-u-trim\" data-title=\"Urbanismo\">\n<ul>\n<li><a href=\"https:\/\/busot.es\/publica\/wp-content\/uploads\/2025\/11\/APROBACION-DEFINITIVA-MODIFICACION-DE-LA-ORDENANZA-FISCAL-REGULADORA-DE-LA-TASA-POR-TRAMITACION-DE-INSTRUMENTOS-DE-GESTION-URBANISTICA.pdf\">Tasas de Urbanismo [+]<\/a><\/li>\n<\/ul>\n<ul>\n<li><a href=\"https:\/\/busot.es\/publica\/wp-content\/uploads\/2023\/09\/1.-Declaraci\u00f3n-responsable-PRIMERA-OCUPACI\u00d3N.pdf\" target=\"_blank\" rel=\"noopener noreferrer\">Declaraci\u00f3n responsable de primera ocupaci\u00f3n [+]<\/a><\/li>\n<li><a href=\"https:\/\/busot.es\/publica\/wp-content\/uploads\/2023\/09\/2.-Declaraci\u00f3n-responsabla-2-\u00aa-ocupacion.pdf\" target=\"_blank\" rel=\"noopener noreferrer\">Declaraci\u00f3n responsable de segunda\u00a0ocupaci\u00f3n [+]<\/a><\/li>\n<li><a href=\"https:\/\/busot.es\/publica\/wp-content\/uploads\/2023\/09\/8.-Licencia-de-Primera-Ocupaci\u00f3n-en-suelo-no-urbanizable..pdf\" target=\"_blank\" rel=\"noopener noreferrer\">Solicitud de licencia de primera ocupaci\u00f3n en suelo no urbanizable [+]<\/a><\/li>\n<li><a href=\"https:\/\/busot.es\/publica\/wp-content\/uploads\/2023\/09\/9.-Licencia-de-Segunda-Ocupaci\u00f3n-en-suelo-no-urbanizable..pdf\" target=\"_blank\" rel=\"noopener noreferrer\">Licencia municipal de segunda ocupaci\u00f3n en suelo no urbanizable [+]<\/a><\/li>\n<\/ul>\n<p>&nbsp;<\/p>\n<ul>\n<li><a href=\"https:\/\/busot.es\/publica\/wp-content\/uploads\/2023\/09\/3.-Solicitud-Certificado-no-infracci\u00f3n-urban\u00edstica..pdf\" target=\"_blank\" rel=\"noopener noreferrer\">Solicitud de certificado de no infracci\u00f3n urban\u00edstica [+]<\/a><\/li>\n<li><a href=\"https:\/\/busot.es\/publica\/wp-content\/uploads\/2023\/09\/7.-Solicitud-Informaci\u00f3n-urban\u00edstica..pdf\" target=\"_blank\" rel=\"noopener noreferrer\">Solicitud de informaci\u00f3n urban\u00edstica [+]<\/a><\/li>\n<li><a href=\"https:\/\/busot.es\/publica\/wp-content\/uploads\/2023\/09\/4.-Solicitud-certificado-Compatibilidad-urban\u00edstica.Actividades..pdf\" target=\"_blank\" rel=\"noopener noreferrer\">Solicitud de compatibilidad urban\u00edstica (Actividades) [+]<\/a><\/li>\n<li><a href=\"https:\/\/busot.es\/publica\/wp-content\/uploads\/2023\/09\/5.-Solicitud-compatibilidad-urban\u00edstica-VIVIENDA-TUR\u00cdSTICA.pdf\" target=\"_blank\" rel=\"noopener noreferrer\">Solicitud de compatibilidad urban\u00edstica vivienda tur\u00edstica [+]<\/a><\/li>\n<\/ul>\n<p>Obra menor:<\/p>\n<ul>\n<li><a href=\"https:\/\/busot.sedelectronica.es\/catalog\/t\/a53d098c-886a-4ff6-bb8f-ba2e00dc51f7\" target=\"_blank\" rel=\"noopener noreferrer\">Solicitud de licencia de obra sujeta a puesta en conocimiento [+]<\/a><\/li>\n<li><a href=\"https:\/\/busot.es\/publica\/wp-content\/uploads\/2016\/05\/SOLICITUD-LICENCIA-PARA-PASO-DE-VEHICULOS-REGIMEN-SIMPLIFICADO.pdf\" target=\"_blank\" rel=\"noopener noreferrer\">Solicitud de licencia para paso de veh\u00edculos en r\u00e9gimen simplificado [+]<\/a><\/li>\n<li><a href=\"https:\/\/busot.es\/publica\/wp-content\/uploads\/2016\/05\/SOLICITUD-LICENCIA-PARA-TALA-ARBOLES-REGIMEN-SIMPLIFICADO.pdf\" target=\"_blank\" rel=\"noopener noreferrer\">Solicitud de licencia para la tala de \u00e1rboles en r\u00e9gimen simplificado [+]<\/a><\/li>\n<li><a href=\"https:\/\/busot.es\/publica\/wp-content\/uploads\/2018\/11\/FORMATOS-SOLICITUD-OBRAS-MENORES-VALLADOS-SNU.pdf\" target=\"_blank\" rel=\"noopener noreferrer\">Solicitud de licencia de obra menor para la instalaci\u00f3n o construcci\u00f3n de vallados de solar que no contengan tierras\u00a0\u00a0<\/a><a href=\"https:\/\/busot.es\/publica\/wp-content\/uploads\/2018\/11\/FORMATOS-SOLICITUD-OBRAS-MENORES-VALLADOS-SNU.pdf\" target=\"_blank\" rel=\"noopener noreferrer\">[+]<\/a><\/li>\n<li><a href=\"https:\/\/busot.es\/publica\/wp-content\/uploads\/2016\/05\/SOLICITUD-LICENCIA-PORCHES-PERGOLAS-MAYORES-DE-15M2.pdf\" target=\"_blank\" rel=\"noopener noreferrer\">Solicitud de licencia para porches-p\u00e9rgolas mayores de 15 m2 [+]<\/a><\/li>\n<li><a href=\"https:\/\/busot.es\/publica\/wp-content\/uploads\/2018\/11\/INSTANCIA-Om-BARBACOAS.pdf\" target=\"_blank\" rel=\"noopener noreferrer\">Solicitud de licencia de obra menor para casitas de aperos, de instalaciones, garajes, barbacoas, de poca complejidad t\u00e9cnica, en una sola planta, no destinadas a uso residencial y no superen 25 m2 de superficie [+]<\/a><\/li>\n<\/ul>\n<p>Obra Mayor:<\/p>\n<ul>\n<li><a href=\"https:\/\/busot.es\/publica\/wp-content\/uploads\/2018\/02\/SOLICITUD-LICENCIA-PISCINA.pdf\" target=\"_blank\" rel=\"noopener noreferrer\">Solicitud de licencia de obra mayor para piscinas [+]<\/a><\/li>\n<li><a href=\"https:\/\/busot.es\/publica\/wp-content\/uploads\/2025\/07\/BUSOT_Solicitud-paneles-solares-SU-RGL_RGL-005.pdf\" target=\"_blank\" rel=\"noopener\">Solicitud de licencia de obra y declaraci\u00f3n responsable para instalaciones de autoconsumo con energ\u00eda solar fotovoltaica sobre cubierta de vivienda (Suelo Urbano, Urbanizable) [+]<\/a><\/li>\n<li><a href=\"https:\/\/busot.es\/publica\/wp-content\/uploads\/2025\/07\/BUSOT_Solicitud-paneles-solares-SNU-RGL_RGL-003.pdf\" target=\"_blank\" rel=\"noopener\">Solicitud de licencia de obra en suelo no urbanizable para instalaciones de autoconsumo con energ\u00eda solar fotovoltaica sobre cubierta de vivienda existente en SNU [+]<\/a><\/li>\n<\/ul>\n<p>Fincas:<\/p>\n<ul>\n<li><a href=\"https:\/\/busot.es\/publica\/wp-content\/uploads\/2018\/11\/LICENCIA-SEGREGACI\u00d3N-E-INNECESARIEDAD.doc\" target=\"_blank\" rel=\"noopener noreferrer\">Solicitud de licencia de modificaci\u00f3n de fincas (segregaci\u00f3n e innecesariedad) [+]<\/a><\/li>\n<\/ul>\n<\/div>\n<div class=\"su-tabs-pane su-u-clearfix su-u-trim\" data-title=\"Estad\u00edstica\/Padr\u00f3n\">\n<ul>\n<li><a href=\"https:\/\/busot.es\/publica\/wp-content\/uploads\/2026\/03\/Autorizacion_Empadronamiento-multiple-rellenable.pdf\" target=\"_blank\" rel=\"noopener noreferrer\">Autorizaci\u00f3n (propietario\/a) Padr\u00f3n rellenable [+]<\/a><\/li>\n<li><a href=\"https:\/\/busot.es\/publica\/wp-content\/uploads\/2026\/03\/Autorizacion_Empadronamiento-menores.pdf\">Autorizaci\u00f3n Progenitor para Empadronamiento de menores [+]<\/a><\/li>\n<li><a href=\"https:\/\/busot.sedelectronica.es\/catalog\/t\/073b778e-bb91-4ef4-b7cb-31a39be0e95f\">Alta Padr\u00f3n por cambio de residencia[+]<\/a><\/li>\n<li><a href=\"https:\/\/busot.es\/publica\/wp-content\/uploads\/2016\/05\/AUTORIZACION-RECOGIDA-DOCUMENTOS.pdf\" target=\"_blank\" rel=\"noopener noreferrer\">Autorizaci\u00f3n de recogida de documentos [+]<\/a><\/li>\n<\/ul>\n<\/div>\n<div class=\"su-tabs-pane su-u-clearfix su-u-trim\" data-title=\"Transportes\">\n<ul>\n<li><a href=\"https:\/\/busot.es\/publica\/wp-content\/uploads\/2020\/08\/SOLICITUD-APARCAMIENTO-ZONA-ESTACIONAMIENTO-RESTRINGIDO-ZER.docx\" target=\"_blank\" rel=\"noopener noreferrer\">Solicitud de petici\u00f3n de aparcamientos en zona de estacionamiento restringido (ZER) [+]<\/a><\/li>\n<li><a href=\"https:\/\/busot.sedelectronica.es\/catalog\/t\/a23140ba-d206-4ff8-b16a-cd71cb78e2a4\">Solicitud de VADO (alta, baja o modificaci\u00f3n)<\/a><\/li>\n<\/ul>\n<\/div>\n<div class=\"su-tabs-pane su-u-clearfix su-u-trim\" data-title=\"Abastecimiento de Aguas\">\n<ul>\n<li><a href=\"https:\/\/busot.es\/publica\/wp-content\/uploads\/2025\/11\/TASAS-Y-TRAMITES-ABASTECIMIENTO-DE-AGUAS.pdf\">Tasas y tr\u00e1mites Abastecimiento de Aguas [+]<\/a><\/li>\n<\/ul>\n<\/div><\/div><\/div>\n","protected":false},"excerpt":{"rendered":"<p>&nbsp; \u00a0 \u00a0 \u00a0 \u00a0 \u00a0 N\u00ba de cuenta para los ingresos de las tasas municipales: \u00a0 \u00a0 \u00a0 \u00a0 \u00a0 \u00a0 \u00a0 \u00a0 \u00a0 \u00a0ES63 3058 2616 4727 3200 0027 &nbsp; &nbsp; &nbsp; &nbsp; A continuaci\u00f3n ponemos a su disposici\u00f3n una serie de documentaci\u00f3n para la realizaci\u00f3n de tr\u00e1mites administrativos en nuestro municipio.<\/p>\n","protected":false},"author":2,"featured_media":0,"parent":0,"menu_order":0,"comment_status":"closed","ping_status":"closed","template":"","meta":{"_monsterinsights_skip_tracking":false,"_monsterinsights_sitenote_active":false,"_monsterinsights_sitenote_note":"","_monsterinsights_sitenote_category":0,"footnotes":""},"_links":{"self":[{"href":"https:\/\/busot.es\/publica\/wp-json\/wp\/v2\/pages\/12116"}],"collection":[{"href":"https:\/\/busot.es\/publica\/wp-json\/wp\/v2\/pages"}],"about":[{"href":"https:\/\/busot.es\/publica\/wp-json\/wp\/v2\/types\/page"}],"author":[{"embeddable":true,"href":"https:\/\/busot.es\/publica\/wp-json\/wp\/v2\/users\/2"}],"replies":[{"embeddable":true,"href":"https:\/\/busot.es\/publica\/wp-json\/wp\/v2\/comments?post=12116"}],"version-history":[{"count":92,"href":"https:\/\/busot.es\/publica\/wp-json\/wp\/v2\/pages\/12116\/revisions"}],"predecessor-version":[{"id":15973,"href":"https:\/\/busot.es\/publica\/wp-json\/wp\/v2\/pages\/12116\/revisions\/15973"}],"wp:attachment":[{"href":"https:\/\/busot.es\/publica\/wp-json\/wp\/v2\/media?parent=12116"}],"curies":[{"name":"wp","href":"https:\/\/api.w.org\/{rel}","templated":true}]}}