{"id":12029,"date":"2016-04-30T20:58:23","date_gmt":"2016-04-30T19:58:23","guid":{"rendered":"https:\/\/busot.es\/publica\/?page_id=12029"},"modified":"2026-01-16T09:56:23","modified_gmt":"2026-01-16T08:56:23","slug":"fiestas","status":"publish","type":"page","link":"https:\/\/busot.es\/publica\/concejalias\/fiestas\/","title":{"rendered":"Fiestas"},"content":{"rendered":"<p>Como concejala de fiestas quiero darle la bienvenida al Ayuntamiento a trav\u00e9s de este espacio y explicar un poco nuestras fiestas m\u00e1s tradicionales.<\/p>\n<p>Espero que disfrut\u00e9is de todas ellas.<\/p>\n<h3><strong>CABALAGATA DE REYES:<\/strong><\/h3>\n<p>El d\u00eda 5 de enero llegan sus majestades los Reyes Magos, a nuestro municipio se inicia la salida de la cabalgata desde la ermita sobre las seis de la tarde pasan por las calles San Jos\u00e9, El Colladet, El Raval hasta llegar a nuestra iglesia de San Lorenzo, por el camino tiran caramelos y regalitos a los ni\u00f1os, tras el desfile Melchor Gaspar y Baltasar proceden a dar personalmente los regalos a los ni\u00f1os.<\/p>\n<p><img loading=\"lazy\" decoding=\"async\" class=\"size-medium wp-image-15930 alignleft\" src=\"https:\/\/busot.es\/publica\/wp-content\/uploads\/2026\/01\/WhatsApp-Image-2025-09-03-at-13.40.01-225x300.jpeg\" alt=\"\" width=\"225\" height=\"300\" srcset=\"https:\/\/busot.es\/publica\/wp-content\/uploads\/2026\/01\/WhatsApp-Image-2025-09-03-at-13.40.01-225x300.jpeg 225w, https:\/\/busot.es\/publica\/wp-content\/uploads\/2026\/01\/WhatsApp-Image-2025-09-03-at-13.40.01-768x1024.jpeg 768w, https:\/\/busot.es\/publica\/wp-content\/uploads\/2026\/01\/WhatsApp-Image-2025-09-03-at-13.40.01-1152x1536.jpeg 1152w, https:\/\/busot.es\/publica\/wp-content\/uploads\/2026\/01\/WhatsApp-Image-2025-09-03-at-13.40.01.jpeg 1530w\" sizes=\"(max-width: 225px) 100vw, 225px\" \/> <img loading=\"lazy\" decoding=\"async\" class=\"size-medium wp-image-15931 alignleft\" src=\"https:\/\/busot.es\/publica\/wp-content\/uploads\/2026\/01\/WhatsApp-Image-2025-09-03-at-13.44.32-225x300.jpeg\" alt=\"\" width=\"225\" height=\"300\" srcset=\"https:\/\/busot.es\/publica\/wp-content\/uploads\/2026\/01\/WhatsApp-Image-2025-09-03-at-13.44.32-225x300.jpeg 225w, https:\/\/busot.es\/publica\/wp-content\/uploads\/2026\/01\/WhatsApp-Image-2025-09-03-at-13.44.32-768x1024.jpeg 768w, https:\/\/busot.es\/publica\/wp-content\/uploads\/2026\/01\/WhatsApp-Image-2025-09-03-at-13.44.32-1152x1536.jpeg 1152w, https:\/\/busot.es\/publica\/wp-content\/uploads\/2026\/01\/WhatsApp-Image-2025-09-03-at-13.44.32.jpeg 1530w\" sizes=\"(max-width: 225px) 100vw, 225px\" \/><\/p>\n<p><img loading=\"lazy\" decoding=\"async\" class=\"wp-image-15920 size-medium alignleft\" src=\"https:\/\/busot.es\/publica\/wp-content\/uploads\/2026\/01\/IMG-20180105-WA0018-169x300.jpg\" alt=\"\" width=\"169\" height=\"300\" srcset=\"https:\/\/busot.es\/publica\/wp-content\/uploads\/2026\/01\/IMG-20180105-WA0018-169x300.jpg 169w, https:\/\/busot.es\/publica\/wp-content\/uploads\/2026\/01\/IMG-20180105-WA0018-576x1024.jpg 576w, https:\/\/busot.es\/publica\/wp-content\/uploads\/2026\/01\/IMG-20180105-WA0018-768x1366.jpg 768w, https:\/\/busot.es\/publica\/wp-content\/uploads\/2026\/01\/IMG-20180105-WA0018-864x1536.jpg 864w, https:\/\/busot.es\/publica\/wp-content\/uploads\/2026\/01\/IMG-20180105-WA0018.jpg 899w\" sizes=\"(max-width: 169px) 100vw, 169px\" \/><\/p>\n<p>&nbsp;<\/p>\n<p>&nbsp;<\/p>\n<p>&nbsp;<\/p>\n<p>&nbsp;<\/p>\n<p>&nbsp;<\/p>\n<p>&nbsp;<\/p>\n<p>&nbsp;<\/p>\n<p>&nbsp;<\/p>\n<hr \/>\n<h3><strong>SANT ANTONI ABAD:\u00a0<\/strong><\/h3>\n<p>Festividad el 17 de enero celebr\u00e1ndose el domingo siguiente.<\/p>\n<p>Se celebra una misa en la calle (si el tiempo lo permite) despu\u00e9s el sacerdote bendice los animales que cada vecino lleva, tambi\u00e9n como la tradici\u00f3n dice se bendicen bollos que m\u00e1s tarde se repartir\u00e1n entre los asistentes junto con chocolate caliente, muchas mujeres aun hacen los \u201cpan Benet\u201d, que los traen para que los bendigan y repartirlos entre familiares y amigos. Se realiza una rifa ben\u00e9fica con regalos que aportan establecimientos y particulares del pueblo.<\/p>\n<p><img loading=\"lazy\" decoding=\"async\" class=\"alignleft wp-image-15923 size-medium\" src=\"https:\/\/busot.es\/publica\/wp-content\/uploads\/2026\/01\/14-e1768552874165-277x300.jpg\" alt=\"\" width=\"277\" height=\"300\" srcset=\"https:\/\/busot.es\/publica\/wp-content\/uploads\/2026\/01\/14-e1768552874165-277x300.jpg 277w, https:\/\/busot.es\/publica\/wp-content\/uploads\/2026\/01\/14-e1768552874165-946x1024.jpg 946w, https:\/\/busot.es\/publica\/wp-content\/uploads\/2026\/01\/14-e1768552874165-768x831.jpg 768w, https:\/\/busot.es\/publica\/wp-content\/uploads\/2026\/01\/14-e1768552874165-1420x1536.jpg 1420w, https:\/\/busot.es\/publica\/wp-content\/uploads\/2026\/01\/14-e1768552874165.jpg 1536w\" sizes=\"(max-width: 277px) 100vw, 277px\" \/><img loading=\"lazy\" decoding=\"async\" class=\"size-medium wp-image-15922 alignleft\" src=\"https:\/\/busot.es\/publica\/wp-content\/uploads\/2026\/01\/8-300x225.jpg\" alt=\"\" width=\"300\" height=\"225\" srcset=\"https:\/\/busot.es\/publica\/wp-content\/uploads\/2026\/01\/8-300x225.jpg 300w, https:\/\/busot.es\/publica\/wp-content\/uploads\/2026\/01\/8-1024x768.jpg 1024w, https:\/\/busot.es\/publica\/wp-content\/uploads\/2026\/01\/8-768x576.jpg 768w, https:\/\/busot.es\/publica\/wp-content\/uploads\/2026\/01\/8-1536x1152.jpg 1536w\" sizes=\"(max-width: 300px) 100vw, 300px\" \/><\/p>\n<p>&nbsp;<\/p>\n<p>&nbsp;<\/p>\n<p>&nbsp;<\/p>\n<p>&nbsp;<\/p>\n<p>&nbsp;<\/p>\n<p>&nbsp;<\/p>\n<p>&nbsp;<\/p>\n<p>&nbsp;<\/p>\n<hr \/>\n<h3><strong>LAS FIESTAS DE MOROS Y CRISTIANOS:<\/strong><\/h3>\n<p>Se ofician en honor a San Vicente Ferrer y a San Jos\u00e9.<\/p>\n<p>Se vienen celebrando desde el a\u00f1o 1963. Aunque tenemos datos que nos llevan a pensar que ya se celebraban a finales del siglo XIX.<\/p>\n<p>Siempre se realizan una semana despu\u00e9s de semana santa.<\/p>\n<p>Se realizan unos actos previos a la trilog\u00eda festera.<\/p>\n<p>Muy importante dentro de ellas es la presentaci\u00f3n de capitan\u00edas; se suelen celebrar en un incomparable marco como son nuestras Cuevas del Canelobre, es un acto muy emotivo donde se presentan las capitan\u00edas que en breve ser\u00e1n los protagonistas de estas maravillosas fiestas, donde el pregonero da el inicio de nuestras fiestas.<\/p>\n<p>A la semana siguiente se realiza en la casa de cultura un concierto donde la Uni\u00f3n Musical de Busot nos deleita con marchas cristianas, moras y pasodobles.<\/p>\n<p>Los soparets se realizan los s\u00e1bados anteriores a los d\u00edas de fiestas, cada comparsa cena en su respectiva barraca. El s\u00e1bado de gloria a las doce de la noche se realiza un desfile por el pueblo \u201cLa entraeta\u201d.<\/p>\n<p>La organizaci\u00f3n de las fiestas corre a cargo de la Concejal\u00eda de Fiestas y la Asociaci\u00f3n de Fiestas de Moros y Cristianos de Busot. Siempre contamos con la colaboraci\u00f3n de la Uni\u00f3n Musical de Busot.<\/p>\n<p>Son las m\u00e1s importantes de nuestro municipio por historia, tradici\u00f3n, religi\u00f3n y cultura.<\/p>\n<p>Estas se componen de seis comparsas, tres cristianas y tres moras:<\/p>\n<ul>\n<li>Cristianas: Maseros, Contrabando y Piratas.<\/li>\n<li>Moras: Marrocs, N\u00f3madas y Blanquillos.<\/li>\n<\/ul>\n<p>Para m\u00e1s informaci\u00f3n consultar las p\u00e1ginas Web siguientes: <a href=\"https:\/\/turismobusot.com\/fiestas\/\" target=\"_blank\" rel=\"noopener noreferrer\">https:\/\/turismobusot.com<\/a><\/p>\n<p><img loading=\"lazy\" decoding=\"async\" class=\"alignnone size-medium wp-image-15924\" src=\"https:\/\/busot.es\/publica\/wp-content\/uploads\/2026\/01\/Esquadra-especial-Blanquillos-300x199.jpg\" alt=\"\" width=\"300\" height=\"199\" srcset=\"https:\/\/busot.es\/publica\/wp-content\/uploads\/2026\/01\/Esquadra-especial-Blanquillos-300x199.jpg 300w, https:\/\/busot.es\/publica\/wp-content\/uploads\/2026\/01\/Esquadra-especial-Blanquillos-1024x681.jpg 1024w, https:\/\/busot.es\/publica\/wp-content\/uploads\/2026\/01\/Esquadra-especial-Blanquillos-768x511.jpg 768w, https:\/\/busot.es\/publica\/wp-content\/uploads\/2026\/01\/Esquadra-especial-Blanquillos-1536x1021.jpg 1536w\" sizes=\"(max-width: 300px) 100vw, 300px\" \/><img loading=\"lazy\" decoding=\"async\" class=\"alignnone size-medium wp-image-15925\" src=\"https:\/\/busot.es\/publica\/wp-content\/uploads\/2026\/01\/DSC4500-300x199.jpg\" alt=\"\" width=\"300\" height=\"199\" srcset=\"https:\/\/busot.es\/publica\/wp-content\/uploads\/2026\/01\/DSC4500-300x199.jpg 300w, https:\/\/busot.es\/publica\/wp-content\/uploads\/2026\/01\/DSC4500-1024x678.jpg 1024w, https:\/\/busot.es\/publica\/wp-content\/uploads\/2026\/01\/DSC4500-768x509.jpg 768w, https:\/\/busot.es\/publica\/wp-content\/uploads\/2026\/01\/DSC4500-1536x1017.jpg 1536w\" sizes=\"(max-width: 300px) 100vw, 300px\" \/> <img loading=\"lazy\" decoding=\"async\" class=\"alignnone wp-image-15926 size-medium\" src=\"https:\/\/busot.es\/publica\/wp-content\/uploads\/2026\/01\/ESP2979-Moros-officiel-2024-scaled-e1768552609441-300x199.jpg\" alt=\"\" width=\"300\" height=\"199\" srcset=\"https:\/\/busot.es\/publica\/wp-content\/uploads\/2026\/01\/ESP2979-Moros-officiel-2024-scaled-e1768552609441-300x199.jpg 300w, https:\/\/busot.es\/publica\/wp-content\/uploads\/2026\/01\/ESP2979-Moros-officiel-2024-scaled-e1768552609441-1024x679.jpg 1024w, https:\/\/busot.es\/publica\/wp-content\/uploads\/2026\/01\/ESP2979-Moros-officiel-2024-scaled-e1768552609441-768x509.jpg 768w, https:\/\/busot.es\/publica\/wp-content\/uploads\/2026\/01\/ESP2979-Moros-officiel-2024-scaled-e1768552609441-1536x1018.jpg 1536w\" sizes=\"(max-width: 300px) 100vw, 300px\" \/> <img loading=\"lazy\" decoding=\"async\" class=\"alignnone size-medium wp-image-15928\" src=\"https:\/\/busot.es\/publica\/wp-content\/uploads\/2026\/01\/08.-Domingo-Trabucos_0185-copia-300x200.jpeg\" alt=\"\" width=\"300\" height=\"200\" srcset=\"https:\/\/busot.es\/publica\/wp-content\/uploads\/2026\/01\/08.-Domingo-Trabucos_0185-copia-300x200.jpeg 300w, https:\/\/busot.es\/publica\/wp-content\/uploads\/2026\/01\/08.-Domingo-Trabucos_0185-copia-1024x682.jpeg 1024w, https:\/\/busot.es\/publica\/wp-content\/uploads\/2026\/01\/08.-Domingo-Trabucos_0185-copia-768x512.jpeg 768w, https:\/\/busot.es\/publica\/wp-content\/uploads\/2026\/01\/08.-Domingo-Trabucos_0185-copia.jpeg 1280w\" sizes=\"(max-width: 300px) 100vw, 300px\" \/> <img loading=\"lazy\" decoding=\"async\" class=\"alignnone wp-image-15929 size-medium\" src=\"https:\/\/busot.es\/publica\/wp-content\/uploads\/2026\/01\/9e683d08-4d40-405d-acce-313b02f55ed5-e1768552678755-300x186.jpg\" alt=\"\" width=\"300\" height=\"186\" srcset=\"https:\/\/busot.es\/publica\/wp-content\/uploads\/2026\/01\/9e683d08-4d40-405d-acce-313b02f55ed5-e1768552678755-300x186.jpg 300w, https:\/\/busot.es\/publica\/wp-content\/uploads\/2026\/01\/9e683d08-4d40-405d-acce-313b02f55ed5-e1768552678755-1024x634.jpg 1024w, https:\/\/busot.es\/publica\/wp-content\/uploads\/2026\/01\/9e683d08-4d40-405d-acce-313b02f55ed5-e1768552678755-768x476.jpg 768w, https:\/\/busot.es\/publica\/wp-content\/uploads\/2026\/01\/9e683d08-4d40-405d-acce-313b02f55ed5-e1768552678755-1536x952.jpg 1536w\" sizes=\"(max-width: 300px) 100vw, 300px\" \/><img loading=\"lazy\" decoding=\"async\" class=\"alignnone wp-image-15927 size-medium\" src=\"https:\/\/busot.es\/publica\/wp-content\/uploads\/2026\/01\/ESP3031-Moros-officiel-2024-300x187.jpg\" alt=\"\" width=\"300\" height=\"187\" srcset=\"https:\/\/busot.es\/publica\/wp-content\/uploads\/2026\/01\/ESP3031-Moros-officiel-2024-300x187.jpg 300w, https:\/\/busot.es\/publica\/wp-content\/uploads\/2026\/01\/ESP3031-Moros-officiel-2024-1024x637.jpg 1024w, https:\/\/busot.es\/publica\/wp-content\/uploads\/2026\/01\/ESP3031-Moros-officiel-2024-768x478.jpg 768w, https:\/\/busot.es\/publica\/wp-content\/uploads\/2026\/01\/ESP3031-Moros-officiel-2024-1536x955.jpg 1536w\" sizes=\"(max-width: 300px) 100vw, 300px\" \/><\/p>\n<hr \/>\n<h3><strong>LA NIT DELS CIRIS:<\/strong><\/h3>\n<p>En el mes de julio (la segunda quincena, haciendo coincidir \u00a0en luna llena).<\/p>\n<p>Se trata de una noche m\u00e1gica, una velada \u00fanica, en el que se apaga la iluminaci\u00f3n p\u00fablica y se encienden m\u00e1s de 10.000 velas, repartidas en las calles, ventanas y balcones del casco antiguo. Proporcionan un ambiente evocador y rom\u00e1ntico que sirve como marco incomparable de actuaciones musicales y culturales, en los rincones m\u00e1s bellos de nuestra poblaci\u00f3n. \u00a0Adem\u00e1s se hace jornada de puertas abiertas de los museos municipales.<\/p>\n<p>A todo ello se le une una gran oferta gastron\u00f3mica. Una buena ocasi\u00f3n para disfrutar de Busot.<\/p>\n<p>Sin duda el evento m\u00e1s especial y encantador de todos los que se realizan a lo largo del a\u00f1o.<\/p>\n<p><img loading=\"lazy\" decoding=\"async\" class=\"alignnone wp-image-15938 size-medium\" src=\"https:\/\/busot.es\/publica\/wp-content\/uploads\/2026\/01\/IMG_7621-e1768553479825-300x219.jpeg\" alt=\"\" width=\"300\" height=\"219\" srcset=\"https:\/\/busot.es\/publica\/wp-content\/uploads\/2026\/01\/IMG_7621-e1768553479825-300x219.jpeg 300w, https:\/\/busot.es\/publica\/wp-content\/uploads\/2026\/01\/IMG_7621-e1768553479825-1024x748.jpeg 1024w, https:\/\/busot.es\/publica\/wp-content\/uploads\/2026\/01\/IMG_7621-e1768553479825-768x561.jpeg 768w, https:\/\/busot.es\/publica\/wp-content\/uploads\/2026\/01\/IMG_7621-e1768553479825-1536x1121.jpeg 1536w, https:\/\/busot.es\/publica\/wp-content\/uploads\/2026\/01\/IMG_7621-e1768553479825-220x161.jpeg 220w\" sizes=\"(max-width: 300px) 100vw, 300px\" \/> <img loading=\"lazy\" decoding=\"async\" class=\"alignnone size-medium wp-image-15939\" src=\"https:\/\/busot.es\/publica\/wp-content\/uploads\/2026\/01\/IMG_7644-300x221.jpeg\" alt=\"\" width=\"300\" height=\"221\" srcset=\"https:\/\/busot.es\/publica\/wp-content\/uploads\/2026\/01\/IMG_7644-300x221.jpeg 300w, https:\/\/busot.es\/publica\/wp-content\/uploads\/2026\/01\/IMG_7644-768x565.jpeg 768w, https:\/\/busot.es\/publica\/wp-content\/uploads\/2026\/01\/IMG_7644-220x161.jpeg 220w, https:\/\/busot.es\/publica\/wp-content\/uploads\/2026\/01\/IMG_7644.jpeg 960w\" sizes=\"(max-width: 300px) 100vw, 300px\" \/> <img loading=\"lazy\" decoding=\"async\" class=\"alignnone size-medium wp-image-15940\" src=\"https:\/\/busot.es\/publica\/wp-content\/uploads\/2026\/01\/IMG_8302-300x200.jpeg\" alt=\"\" width=\"300\" height=\"200\" srcset=\"https:\/\/busot.es\/publica\/wp-content\/uploads\/2026\/01\/IMG_8302-300x200.jpeg 300w, https:\/\/busot.es\/publica\/wp-content\/uploads\/2026\/01\/IMG_8302-1024x683.jpeg 1024w, https:\/\/busot.es\/publica\/wp-content\/uploads\/2026\/01\/IMG_8302-768x512.jpeg 768w, https:\/\/busot.es\/publica\/wp-content\/uploads\/2026\/01\/IMG_8302-1536x1024.jpeg 1536w\" sizes=\"(max-width: 300px) 100vw, 300px\" \/><img loading=\"lazy\" decoding=\"async\" class=\"alignnone wp-image-15937 size-medium\" src=\"https:\/\/busot.es\/publica\/wp-content\/uploads\/2026\/01\/IMG_7619-e1768553777307-300x200.jpeg\" alt=\"\" width=\"300\" height=\"200\" srcset=\"https:\/\/busot.es\/publica\/wp-content\/uploads\/2026\/01\/IMG_7619-e1768553777307-300x200.jpeg 300w, https:\/\/busot.es\/publica\/wp-content\/uploads\/2026\/01\/IMG_7619-e1768553777307-1024x683.jpeg 1024w, https:\/\/busot.es\/publica\/wp-content\/uploads\/2026\/01\/IMG_7619-e1768553777307-768x512.jpeg 768w, https:\/\/busot.es\/publica\/wp-content\/uploads\/2026\/01\/IMG_7619-e1768553777307.jpeg 1513w\" sizes=\"(max-width: 300px) 100vw, 300px\" \/><\/p>\n<hr \/>\n<p><strong>MIG ANY:<\/strong><\/p>\n<p>Un fin de semana en el mes de octubre en la cual se celebra el ecuador de las fiestas de Moros y Cristianos de Busot. Tenemos desfiles, comidas de hermandad etc. Feria gastron\u00f3mica: Coincidiendo con la semana cultural y de fiestas de San Lorenzo se realizan talleres de cocina y degustaciones de comidas tradicionales de nuestro municipio. El fin de semana anterior a la festividad de San Lorenzo los restaurantes del pueblo preparan men\u00fas a buen precio.<\/p>\n<hr \/>\n<p><strong>FERIA GASTRON\u00d3MICA<\/strong><\/p>\n<p>Coincidiendo con la semana cultural y de fiestas de San Lorenzo se realizan talleres de cocina y degustaciones de comidas tradicionales de nuestro municipio. El fin de semana anterior a la festividad de San Lorenzo los restaurantes del pueblo preparan men\u00fas especiales, pudi\u00e9ndose degustar la rica y variada gastronom\u00eda busotera.<\/p>\n<hr \/>\n<p><strong>SAN LORENZO<\/strong><\/p>\n<p>Festividad d\u00eda 10 de agosto.\u00a0Una semana repleta de actos religiosos, l\u00fadicos y culturales para todas las\u00a0edades realizada en honor a nuestro patr\u00f3n san Lorenzo.\u00a0El ayuntamiento suele poner una carpa donde los vecinos se juntan y\u00a0alquilan mesas y sillas para comer y disfrutar de veladas en las\u00a0maravillosas noches de verano amenizadas con m\u00fasica.<\/p>\n<ul>\n<li>Actos religiosos: Misa, ofrenda de flores y procesi\u00f3n en honor a San\u00a0Lorenzo Martir.<\/li>\n<li>Actos culturales: Concierto de la Unio Musical de Busot, teatro actuaci\u00f3n\u00a0de ballet etc.<\/li>\n<li>Actos tradicionales: Desfile de cabezudos, Dan\u00e7a de Busot.<\/li>\n<li>Actos l\u00fadicos: Cine de verano, torneo de futbol sala, fiesta de la espuma,\u00a0hinchables, discoteca m\u00f3vil y orquesta.<\/li>\n<\/ul>\n<hr \/>\n<p><strong>ENCENDIDO NAVIDE\u00d1O<\/strong><\/p>\n<p>Previo al d\u00eda de la Pur\u00edsima, por la tarde-noche, se inaugura el alumbrado para las fiestas navide\u00f1as y el \u00e1rbol de navidad decorado, cada a\u00f1o, de manera singular. Diversas asociaciones del municipio interpretan villancicos; Asociaci\u00f3n Cultural El Samitre, Mujeres de Busot, Escuela de Educandos, Uni\u00f3 Musical de Busot, etc.<\/p>\n<hr \/>\n<p style=\"text-align: center;\"><strong>Fiestas en nuestras urbanizaciones:<\/strong><\/p>\n<p><strong>Urbanizaci\u00f3n Llano de los Pastores<\/strong><\/p>\n<p>Se celebran en el mes de julio un grupo de vecinos organiza un largo fin de semana de fiesta. Juegos para los ni\u00f1os, almuerzos, discoteca m\u00f3vil por las noches etc.<\/p>\n<p><strong>Urbanizaci\u00f3n de los Patos<\/strong><\/p>\n<p>Se celebran en el mes de agosto. Los vecinos de los patos montan una gran carpa donde todos los socios se re\u00fanen para comer y cenar durante una semana, durante la cual realizan toda clase de actos desde una fiesta de disfraces hasta torneos de futbol, de juegos de mesa, bingo, m\u00fasica etc.<\/p>\n<p>&nbsp;<\/p>\n<p><strong>Galer\u00eda de fotos<\/strong><\/p>\n<div class=\"su-custom-gallery su-custom-gallery-title-never su-lightbox-gallery\"><div class=\"su-custom-gallery-slide\"><a href=\"https:\/\/busot.es\/publica\/wp-content\/uploads\/2016\/04\/006.jpg\" title=\"006\"><img loading=\"lazy\" decoding=\"async\" src=\"https:\/\/busot.es\/publica\/wp-content\/uploads\/2016\/04\/006-230x200.jpg\" alt=\"006\" width=\"230\" height=\"200\" \/><span class=\"su-custom-gallery-title\">006<\/span><\/a><\/div><div class=\"su-custom-gallery-slide\"><a href=\"https:\/\/busot.es\/publica\/wp-content\/uploads\/2016\/04\/alfredo-carreton-877.jpg\" title=\"alfredo carreton 877\"><img loading=\"lazy\" decoding=\"async\" src=\"https:\/\/busot.es\/publica\/wp-content\/uploads\/2016\/04\/alfredo-carreton-877-230x200.jpg\" alt=\"alfredo carreton 877\" width=\"230\" height=\"200\" \/><span class=\"su-custom-gallery-title\">alfredo carreton 877<\/span><\/a><\/div><div class=\"su-custom-gallery-slide\"><a href=\"https:\/\/busot.es\/publica\/wp-content\/uploads\/2016\/04\/capitanes-cristianos.jpg\" title=\"capitanes cristianos\"><img loading=\"lazy\" decoding=\"async\" src=\"https:\/\/busot.es\/publica\/wp-content\/uploads\/2016\/04\/capitanes-cristianos-230x200.jpg\" alt=\"capitanes cristianos\" width=\"230\" height=\"200\" \/><span class=\"su-custom-gallery-title\">capitanes cristianos<\/span><\/a><\/div><div class=\"su-custom-gallery-slide\"><a href=\"https:\/\/busot.es\/publica\/wp-content\/uploads\/2016\/04\/IMG-20150811-WA0011.jpg\" title=\"IMG-20150811-WA0011\"><img loading=\"lazy\" decoding=\"async\" src=\"https:\/\/busot.es\/publica\/wp-content\/uploads\/2016\/04\/IMG-20150811-WA0011-230x200.jpg\" alt=\"IMG-20150811-WA0011\" width=\"230\" height=\"200\" \/><span class=\"su-custom-gallery-title\">IMG-20150811-WA0011<\/span><\/a><\/div><div class=\"su-custom-gallery-slide\"><a href=\"https:\/\/busot.es\/publica\/wp-content\/uploads\/2016\/04\/Los-Patos-2013-71.jpeg\" title=\"Los Patos 2013-7[1]\"><img loading=\"lazy\" decoding=\"async\" src=\"https:\/\/busot.es\/publica\/wp-content\/uploads\/2016\/04\/Los-Patos-2013-71-230x200.jpeg\" alt=\"Los Patos 2013-7[1]\" width=\"230\" height=\"200\" \/><span class=\"su-custom-gallery-title\">Los Patos 2013-7[1]<\/span><\/a><\/div><div class=\"su-custom-gallery-slide\"><a href=\"https:\/\/busot.es\/publica\/wp-content\/uploads\/2020\/11\/CUENTACUENTOS-5-8-2019-3-scaled.jpg\" title=\"CUENTACUENTOS 5-8-2019 (3)\"><img loading=\"lazy\" decoding=\"async\" src=\"https:\/\/busot.es\/publica\/wp-content\/uploads\/2020\/11\/CUENTACUENTOS-5-8-2019-3-scaled.jpg\" alt=\"CUENTACUENTOS 5-8-2019 (3)\" width=\"230\" height=\"200\" \/><span class=\"su-custom-gallery-title\">CUENTACUENTOS 5-8-2019 (3)<\/span><\/a><\/div><div class=\"su-custom-gallery-slide\"><a href=\"https:\/\/busot.es\/publica\/wp-content\/uploads\/2020\/11\/DSC_1069-scaled.jpg\" title=\"DSC_1069\"><img loading=\"lazy\" decoding=\"async\" src=\"https:\/\/busot.es\/publica\/wp-content\/uploads\/2020\/11\/DSC_1069-scaled.jpg\" alt=\"DSC_1069\" width=\"230\" height=\"200\" \/><span class=\"su-custom-gallery-title\">DSC_1069<\/span><\/a><\/div><div class=\"su-custom-gallery-slide\"><a href=\"https:\/\/busot.es\/publica\/wp-content\/uploads\/2020\/11\/Entrada_Sabado_260-scaled.jpg\" title=\"Entrada_Sabado_260\"><img loading=\"lazy\" decoding=\"async\" src=\"https:\/\/busot.es\/publica\/wp-content\/uploads\/2020\/11\/Entrada_Sabado_260-scaled.jpg\" alt=\"Entrada_Sabado_260\" width=\"230\" height=\"200\" \/><span class=\"su-custom-gallery-title\">Entrada_Sabado_260<\/span><\/a><\/div><div class=\"su-custom-gallery-slide\"><a href=\"https:\/\/busot.es\/publica\/wp-content\/uploads\/2020\/11\/Foto-5-scaled.jpg\" title=\"Foto 5\"><img loading=\"lazy\" decoding=\"async\" src=\"https:\/\/busot.es\/publica\/wp-content\/uploads\/2020\/11\/Foto-5-scaled.jpg\" alt=\"Foto 5\" width=\"230\" height=\"200\" \/><span class=\"su-custom-gallery-title\">Foto 5<\/span><\/a><\/div><div class=\"su-custom-gallery-slide\"><a href=\"https:\/\/busot.es\/publica\/wp-content\/uploads\/2020\/11\/IMG_20190808_212841-scaled.jpg\" title=\"dig\"><img loading=\"lazy\" decoding=\"async\" src=\"https:\/\/busot.es\/publica\/wp-content\/uploads\/2020\/11\/IMG_20190808_212841-scaled.jpg\" alt=\"dig\" width=\"230\" height=\"200\" \/><span class=\"su-custom-gallery-title\">dig<\/span><\/a><\/div><div class=\"su-custom-gallery-slide\"><a href=\"https:\/\/busot.es\/publica\/wp-content\/uploads\/2020\/11\/Nitdelsciris_20Julio2019-141-scaled.jpg\" title=\"Nitdelsciris_20Julio2019-141\"><img loading=\"lazy\" decoding=\"async\" src=\"https:\/\/busot.es\/publica\/wp-content\/uploads\/2020\/11\/Nitdelsciris_20Julio2019-141-scaled.jpg\" alt=\"Nitdelsciris_20Julio2019-141\" width=\"230\" height=\"200\" \/><span class=\"su-custom-gallery-title\">Nitdelsciris_20Julio2019-141<\/span><\/a><\/div><div class=\"su-custom-gallery-slide\"><a href=\"https:\/\/busot.es\/publica\/wp-content\/uploads\/2020\/11\/Nitdelsciris_20Julio2019-143-scaled.jpg\" title=\"Nitdelsciris_20Julio2019-143\"><img loading=\"lazy\" decoding=\"async\" src=\"https:\/\/busot.es\/publica\/wp-content\/uploads\/2020\/11\/Nitdelsciris_20Julio2019-143-scaled.jpg\" alt=\"Nitdelsciris_20Julio2019-143\" width=\"230\" height=\"200\" \/><span class=\"su-custom-gallery-title\">Nitdelsciris_20Julio2019-143<\/span><\/a><\/div><div class=\"su-custom-gallery-slide\"><a href=\"https:\/\/busot.es\/publica\/wp-content\/uploads\/2020\/11\/Nitdelsciris_20Julio2019-183-scaled.jpg\" title=\"Nitdelsciris_20Julio2019-183\"><img loading=\"lazy\" decoding=\"async\" src=\"https:\/\/busot.es\/publica\/wp-content\/uploads\/2020\/11\/Nitdelsciris_20Julio2019-183-scaled.jpg\" alt=\"Nitdelsciris_20Julio2019-183\" width=\"230\" height=\"200\" \/><span class=\"su-custom-gallery-title\">Nitdelsciris_20Julio2019-183<\/span><\/a><\/div><div class=\"su-clear\"><\/div><\/div>\n<p>&nbsp;<\/p>\n","protected":false},"excerpt":{"rendered":"<p>Como concejala de fiestas quiero darle la bienvenida al Ayuntamiento a trav\u00e9s de este espacio y explicar un poco nuestras fiestas m\u00e1s tradicionales. Espero que disfrut\u00e9is de todas ellas. CABALAGATA DE REYES: El d\u00eda 5 de enero llegan sus majestades los Reyes Magos, a nuestro municipio se inicia la salida de la cabalgata desde la [&hellip;]<\/p>\n","protected":false},"author":2,"featured_media":0,"parent":11600,"menu_order":0,"comment_status":"closed","ping_status":"closed","template":"","meta":{"_monsterinsights_skip_tracking":false,"_monsterinsights_sitenote_active":false,"_monsterinsights_sitenote_note":"","_monsterinsights_sitenote_category":0,"footnotes":""},"_links":{"self":[{"href":"https:\/\/busot.es\/publica\/wp-json\/wp\/v2\/pages\/12029"}],"collection":[{"href":"https:\/\/busot.es\/publica\/wp-json\/wp\/v2\/pages"}],"about":[{"href":"https:\/\/busot.es\/publica\/wp-json\/wp\/v2\/types\/page"}],"author":[{"embeddable":true,"href":"https:\/\/busot.es\/publica\/wp-json\/wp\/v2\/users\/2"}],"replies":[{"embeddable":true,"href":"https:\/\/busot.es\/publica\/wp-json\/wp\/v2\/comments?post=12029"}],"version-history":[{"count":11,"href":"https:\/\/busot.es\/publica\/wp-json\/wp\/v2\/pages\/12029\/revisions"}],"predecessor-version":[{"id":15921,"href":"https:\/\/busot.es\/publica\/wp-json\/wp\/v2\/pages\/12029\/revisions\/15921"}],"up":[{"embeddable":true,"href":"https:\/\/busot.es\/publica\/wp-json\/wp\/v2\/pages\/11600"}],"wp:attachment":[{"href":"https:\/\/busot.es\/publica\/wp-json\/wp\/v2\/media?parent=12029"}],"curies":[{"name":"wp","href":"https:\/\/api.w.org\/{rel}","templated":true}]}}